{"id":16669,"date":"2024-06-14T06:15:04","date_gmt":"2024-06-14T06:15:04","guid":{"rendered":"https:\/\/www.wierec.com\/?page_id=16669"},"modified":"2025-06-27T14:14:46","modified_gmt":"2025-06-27T14:14:46","slug":"sachbearbeiter-verkaufsadministration-dispo-export-100","status":"publish","type":"page","link":"https:\/\/www.wierec.com\/en\/sachbearbeiter-verkaufsadministration-dispo-export-100\/","title":{"rendered":"Sachbearbeiter Verkaufsadministration Dispo Export 100"},"content":{"rendered":"<div>\n<p>Sie m\u00f6chten durchstarten und etwas bewegen? Mit uns schaffen Sie Nachhaltiges!<\/p>\n<p>Seit mehr als 65 Jahren betreiben wir erfolgreich den gr\u00f6ssten Recyclingbetrieb der Schweiz. Mit einem Grossshredder f\u00fcr Altfahrzeuge, Metall- und E-Schrott sowie innovativen Sortier- und Trennanlagen f\u00fchren wir Rohstoffe in den Materialkreislauf zur\u00fcck und leisten somit einen wichtigen Beitrag zum Umweltschutz. Die hohen Qualit\u00e4tsanspr\u00fcche unserer nationalen und internationalen Kunden erf\u00fcllen wir durch unsere langj\u00e4hrige Erfahrung und ein differenziertes Sortenportfolio.<\/p>\n<p>Zur Verst\u00e4rkung unseres Teams suchen wir ab sofort eine\/n:<\/p>\n<\/div>\n<h1>Sachbearbeiter*in Verkaufsadministration 100% (m\/w\/d)<\/h1>\n<div>\n<p><strong>Ihr Aufgabengebiet:<\/strong><\/p>\n<ul>\n<li>Disposition und Avisierung der Warenausg\u00e4nge, Streckengesch\u00e4ften und Importen<\/li>\n<li>Vorbereiten und Planen von internationalen Exporten inkl. Erstellung Exportpapiere f\u00fcr LKW und Bahn<\/li>\n<li>Administrative Abwicklung der Exportgesch\u00e4fte (Anhang VII, Begleitformular bei Notifizierungen, Ausfuhrliste (d-dec), Pro-forma-Rechnungen etc.)<\/li>\n<li>Fakturierung der Warenausg\u00e4nge<\/li>\n<li>Weigerungen kontrolliere, erfassen und versenden<\/li>\n<li>Verkaufskontrakte erstellen und erledigen<\/li>\n<li>Erfassung und Fakturierung der Streckengesch\u00e4fte sowie Erstellung dazugeh\u00f6riger Exportdokumente<\/li>\n<li>Kontrolle, Zuordnung und Erfassung von Frachtrechnungen<\/li>\n<li>Stellvertretung Abfertigung Seefracht (\u00dcberseegesch\u00e4fte)<\/li>\n<\/ul>\n<p><strong>Was wir suchen:<\/strong><\/p>\n<ul>\n<li>Abgeschlossene Ausbildung zur Kauffrau \/ zum Kaufmann EFZ oder Handelsschulabschluss<\/li>\n<li>Erfahrung in der Ein- oder Verkaufsadministration<\/li>\n<li>Berufserfahrung im Import\/Export-Bereich, Disposition oder einer \u00e4hnlichen Funktion von Vorteil<\/li>\n<li>Sehr gute Deutsch und Englischkenntnisse<\/li>\n<li>Gute EDV-Kenntnisse<\/li>\n<li>Teamplayer mit schneller Auffassungsgabe und klarer Kommunikation<\/li>\n<li>Hohe Flexibilit\u00e4t, Selbstst\u00e4ndigkeit und Freude an einem dynamischen Umfeld<\/li>\n<\/ul>\n<p><strong>Das bieten wir:<\/strong><\/p>\n<ul>\n<li>Zeitgem\u00e4sse Anstellung, unter anderem mit 5 Wochen Ferien und 1 Woche Betriebsferien<\/li>\n<li>Gesundheits- und Jubil\u00e4umsbonus<\/li>\n<li>Viertelj\u00e4hrliche interne Informationsanl\u00e4sse<\/li>\n<li>Kostenlose Parkm\u00f6glichkeiten<\/li>\n<li>Attraktives internes und externes Fort- und Weiterbildungsangebot mit zeitlicher und finanzieller Unterst\u00fctzung<\/li>\n<li>Dynamisches und lebendiges Familienunternehmen<\/li>\n<\/ul>\n<p>M\u00f6chten Sie die Wiederkehr Recycling in einer der zukunftsrelevanten Brachen tatkr\u00e4ftig unterst\u00fctzen?<\/p>\n<\/p>\n<p>Wir sind auf der Suche nach einer Person, welche sich selbst wie auch das Unternehmen weiterentwickeln will und bereit ist, die Extrameile im Sinne Aller zu gehen. Bei uns k\u00f6nnen Sie ihr Gedankengut einfliessen lassen und Prozesse weiterentwickeln. Es erwartet Sie ein vielseitiges Aufgabenspektrum in einem dynamischen und stets wachsenden Markt. Werden Sie Teil unseres motivierten Wiederkehr-Teams.<\/p>\n<\/p>\n<p>Frau Bianca Kalt freut sich auf Ihre vollst\u00e4ndigen Bewerbungsunterlagen: <a href=\"mailto:jobs@wierec.com\">jobs@wierec.com<\/a><\/p>\n<p>Sollten Sie noch unsicher sein, z\u00f6gern Sie nicht uns anzusprechen. <br \/>Gerne helfen wir Ihnen weiter.<\/p>\n<\/div>\n<p><p>\n        <a href=\"https:\/\/www.wierec.com\/en\/bewerbung-waltenschwil\/\">JETZT BEWERBEN<\/a>\n    <\/p>\n<\/p>\n<p><p>\n        <a href=\"https:\/\/www.wierec.com\/karriere\/\">ZUR\u00dcCK <\/a>\n    <\/p>\n<\/p>\n<div>\n<p>Sie haben Fragen zur offenen Stelle oder zum Bewerbungsprozess? <\/p>\n<\/div>\n<div>\n<h3>Schreiben Sie uns.<\/h3>\n<div>\n\n<div class=\"wpcf7 no-js\" id=\"wpcf7-f4895-o1\" lang=\"en-US\" dir=\"ltr\" data-wpcf7-id=\"4895\">\n<div class=\"screen-reader-response\"><p role=\"status\" aria-live=\"polite\" aria-atomic=\"true\"><\/p> <ul><\/ul><\/div>\n<form action=\"\/en\/wp-json\/wp\/v2\/pages\/16669#wpcf7-f4895-o1\" method=\"post\" class=\"wpcf7-form init\" aria-label=\"Contact form\" novalidate=\"novalidate\" data-status=\"init\">\n<fieldset class=\"hidden-fields-container\"><input type=\"hidden\" name=\"_wpcf7\" value=\"4895\" \/><input type=\"hidden\" name=\"_wpcf7_version\" value=\"6.1.5\" \/><input type=\"hidden\" name=\"_wpcf7_locale\" value=\"en_US\" \/><input type=\"hidden\" name=\"_wpcf7_unit_tag\" value=\"wpcf7-f4895-o1\" \/><input type=\"hidden\" name=\"_wpcf7_container_post\" value=\"0\" \/><input type=\"hidden\" name=\"_wpcf7_posted_data_hash\" value=\"\" \/><input type=\"hidden\" name=\"_wpcf7_recaptcha_response\" value=\"\" \/>\n<\/fieldset>\n<p><label> Surame*<br \/>\n<span class=\"wpcf7-form-control-wrap\" data-name=\"your-name\"><input size=\"40\" maxlength=\"400\" class=\"wpcf7-form-control wpcf7-text wpcf7-validates-as-required\" aria-required=\"true\" aria-invalid=\"false\" value=\"\" type=\"text\" name=\"your-name\" \/><\/span> <\/label>\n<\/p>\n<p><label> Name*<br \/>\n<span class=\"wpcf7-form-control-wrap\" data-name=\"your-vorname\"><input size=\"40\" maxlength=\"400\" class=\"wpcf7-form-control wpcf7-text wpcf7-validates-as-required\" aria-required=\"true\" aria-invalid=\"false\" value=\"\" type=\"text\" name=\"your-vorname\" \/><\/span> <\/label>\n<\/p>\n<p><label> E-Mail*<br \/>\n<span class=\"wpcf7-form-control-wrap\" data-name=\"your-email\"><input size=\"40\" maxlength=\"400\" class=\"wpcf7-form-control wpcf7-email wpcf7-validates-as-required wpcf7-text wpcf7-validates-as-email\" aria-required=\"true\" aria-invalid=\"false\" value=\"\" type=\"email\" name=\"your-email\" \/><\/span> <\/label>\n<\/p>\n<p><label>Telephone<span class=\"wpcf7-form-control-wrap\" data-name=\"tel-877\"><input size=\"40\" maxlength=\"400\" class=\"wpcf7-form-control wpcf7-tel wpcf7-text wpcf7-validates-as-tel\" aria-invalid=\"false\" value=\"\" type=\"tel\" name=\"tel-877\" \/><\/span><\/label>\n<\/p>\n<p><label> My question<br \/>\n<span class=\"wpcf7-form-control-wrap\" data-name=\"your-message\"><textarea cols=\"40\" rows=\"10\" maxlength=\"2000\" class=\"wpcf7-form-control wpcf7-textarea\" aria-invalid=\"false\" name=\"your-message\"><\/textarea><\/span> <\/label>\n<\/p>\n<p><input class=\"wpcf7-form-control wpcf7-submit has-spinner\" type=\"submit\" value=\"Send\" \/>\n<\/p><div class=\"wpcf7-response-output\" aria-hidden=\"true\"><\/div>\n<\/form>\n<\/div>\n\n<\/div>\n<\/div>\n<p><!--more--><br \/>\n<!-- {\"type\":\"layout\",\"children\":[{\"type\":\"section\",\"props\":{\"image_position\":\"center-center\",\"style\":\"default\",\"title_breakpoint\":\"xl\",\"title_position\":\"top-left\",\"title_rotation\":\"left\",\"vertical_align\":\"\",\"width\":\"default\"},\"children\":[{\"type\":\"row\",\"children\":[{\"type\":\"column\",\"props\":{\"image_position\":\"center-center\",\"position_sticky_breakpoint\":\"m\"},\"children\":[{\"type\":\"text\",\"props\":{\"column_breakpoint\":\"m\",\"content\":\"\n\n<p>Sie m\\u00f6chten durchstarten und etwas bewegen? Mit uns schaffen Sie Nachhaltiges!<\\\/p>\\n\n\n<p>Seit mehr als 65 Jahren betreiben wir erfolgreich den gr\\u00f6ssten Recyclingbetrieb der Schweiz. Mit einem Grossshredder f\\u00fcr Altfahrzeuge, Metall- und E-Schrott sowie innovativen Sortier- und Trennanlagen f\\u00fchren wir Rohstoffe in den Materialkreislauf zur\\u00fcck und leisten somit einen wichtigen Beitrag zum Umweltschutz. Die hohen Qualit\\u00e4tsanspr\\u00fcche unserer nationalen und internationalen Kunden erf\\u00fcllen wir durch unsere langj\\u00e4hrige Erfahrung und ein differenziertes Sortenportfolio.<\\\/p>\\n\n\n<p>Zur Verst\\u00e4rkung unseres Teams suchen wir ab sofort eine\\\/n:<\\\/p>\",\"margin\":\"default\"}},{\"type\":\"headline\",\"props\":{\"content\":\"Sachbearbeiter*in Verkaufsadministration 100% (m\\\/w\\\/d)\",\"title_element\":\"h1\",\"title_style\":\"h3\"}},{\"type\":\"text\",\"props\":{\"column_breakpoint\":\"m\",\"content\":\"\n\n<p><strong>Ihr Aufgabengebiet:<\\\/strong><\\\/p>\\n\n\n<ul>\\n\n\n<li>Disposition und Avisierung der Warenausg\\u00e4nge, Streckengesch\\u00e4ften und Importen<\\\/li>\\n\n\n<li>Vorbereiten und Planen von internationalen Exporten inkl. Erstellung Exportpapiere f\\u00fcr LKW und Bahn<\\\/li>\\n\n\n<li>Administrative Abwicklung der Exportgesch\\u00e4fte (Anhang VII, Begleitformular bei Notifizierungen, Ausfuhrliste (d-dec), Pro-forma-Rechnungen etc.)<\\\/li>\\n\n\n<li>Fakturierung der Warenausg\\u00e4nge<\\\/li>\\n\n\n<li>Weigerungen kontrolliere, erfassen und versenden<\\\/li>\\n\n\n<li>Verkaufskontrakte erstellen und erledigen<\\\/li>\\n\n\n<li>Erfassung und Fakturierung der Streckengesch\\u00e4fte sowie Erstellung dazugeh\\u00f6riger Exportdokumente<\\\/li>\\n\n\n<li>Kontrolle, Zuordnung und Erfassung von Frachtrechnungen<\\\/li>\\n\n\n<li>Stellvertretung Abfertigung Seefracht (\\u00dcberseegesch\\u00e4fte)<\\\/li>\\n<\\\/ul>\\n\n\n<p><\\\/p>\\n\n\n<p><strong>Was wir suchen:<\\\/strong><\\\/p>\\n\n\n<ul>\\n\n\n<li>Abgeschlossene Ausbildung zur Kauffrau \\\/ zum Kaufmann EFZ oder Handelsschulabschluss<\\\/li>\\n\n\n<li>Erfahrung in der Ein- oder Verkaufsadministration<\\\/li>\\n\n\n<li>Berufserfahrung im Import\\\/Export-Bereich, Disposition oder einer \\u00e4hnlichen Funktion von Vorteil<\\\/li>\\n\n\n<li>Sehr gute Deutsch und Englischkenntnisse<\\\/li>\\n\n\n<li>Gute EDV-Kenntnisse<\\\/li>\\n\n\n<li>Teamplayer mit schneller Auffassungsgabe und klarer Kommunikation<\\\/li>\\n\n\n<li>Hohe Flexibilit\\u00e4t, Selbstst\\u00e4ndigkeit und Freude an einem dynamischen Umfeld<\\\/li>\\n<\\\/ul>\\n\n\n<p><\\\/p>\\n\n\n<p><strong>Das bieten wir:<\\\/strong><\\\/p>\\n\n\n<ul>\\n\n\n<li>Zeitgem\\u00e4sse Anstellung, unter anderem mit 5 Wochen Ferien und 1 Woche Betriebsferien<\\\/li>\\n\n\n<li>Gesundheits- und Jubil\\u00e4umsbonus<\\\/li>\\n\n\n<li>Viertelj\\u00e4hrliche interne Informationsanl\\u00e4sse<\\\/li>\\n\n\n<li>Kostenlose Parkm\\u00f6glichkeiten<\\\/li>\\n\n\n<li>Attraktives internes und externes Fort- und Weiterbildungsangebot mit zeitlicher und finanzieller Unterst\\u00fctzung<\\\/li>\\n\n\n<li>Dynamisches und lebendiges Familienunternehmen<\\\/li>\\n<\\\/ul>\\n\n\n<p><\\\/p>\\n\n\n<p>M\\u00f6chten Sie die Wiederkehr Recycling in einer der zukunftsrelevanten Brachen tatkr\\u00e4ftig unterst\\u00fctzen?<\\\/p>\\n\n\n<p><\\\/p>\\n\n\n<p>Wir sind auf der Suche nach einer Person, welche sich selbst wie auch das Unternehmen weiterentwickeln will und bereit ist, die Extrameile im Sinne Aller zu gehen. Bei uns k\\u00f6nnen Sie ihr Gedankengut einfliessen lassen und Prozesse weiterentwickeln. Es erwartet Sie ein vielseitiges Aufgabenspektrum in einem dynamischen und stets wachsenden Markt. Werden Sie Teil unseres motivierten Wiederkehr-Teams.<\\\/p>\\n\n\n<p><\\\/p>\\n\n\n<p>Frau Bianca Kalt freut sich auf Ihre vollst\\u00e4ndigen Bewerbungsunterlagen: <a href=\\\"mailto:jobs@wierec.com\\\">jobs@wierec.com<\\\/a><\\\/p>\\n\n\n<p>Sollten Sie noch unsicher sein, z\\u00f6gern Sie nicht uns anzusprechen. <br \\\/>Gerne helfen wir Ihnen weiter.<\\\/p>\",\"margin\":\"default\"}},{\"type\":\"button\",\"props\":{\"grid_column_gap\":\"small\",\"grid_row_gap\":\"small\",\"margin\":\"default\"},\"children\":[{\"type\":\"button_item\",\"props\":{\"button_style\":\"primary\",\"content\":\"JETZT BEWERBEN\",\"dialog_layout\":\"modal\",\"dialog_offcanvas_flip\":true,\"icon_align\":\"left\",\"link\":\"bewerbung-waltenschwil\\\/\"}}]}]}]}]},{\"type\":\"section\",\"props\":{\"image_position\":\"center-center\",\"style\":\"muted\",\"title_breakpoint\":\"xl\",\"title_position\":\"top-left\",\"title_rotation\":\"left\",\"vertical_align\":\"\",\"width\":\"default\"},\"children\":[{\"type\":\"row\",\"props\":{\"layout\":\"1-2,1-2\"},\"children\":[{\"type\":\"column\",\"props\":{\"image_position\":\"center-center\",\"position_sticky_breakpoint\":\"m\",\"width_medium\":\"1-2\"},\"children\":[{\"type\":\"button\",\"props\":{\"grid_column_gap\":\"small\",\"grid_row_gap\":\"small\",\"margin\":\"default\"},\"children\":[{\"type\":\"button_item\",\"props\":{\"button_style\":\"default\",\"content\":\"ZUR\\u00dcCK \",\"dialog_layout\":\"modal\",\"dialog_offcanvas_flip\":true,\"icon_align\":\"left\",\"link\":\"index.php\\\/karriere\\\/\"}}]}]},{\"type\":\"column\",\"props\":{\"image_position\":\"center-center\",\"position_sticky_breakpoint\":\"m\",\"width_medium\":\"1-2\"},\"children\":[{\"type\":\"text\",\"props\":{\"column_breakpoint\":\"m\",\"content\":\"\n\n<p>Sie haben Fragen zur offenen Stelle oder zum Bewerbungsprozess? <\\\/p>\",\"margin\":\"default\"}},{\"type\":\"accordion\",\"props\":{\"collapsible\":true,\"content_column_breakpoint\":\"m\",\"content_dropcap\":false,\"css\":\".el-title {color:#003967; padding:10px;padding-left:0px; font-size:20px; font-weight:bold; }\",\"image_align\":\"top\",\"image_grid_breakpoint\":\"m\",\"image_grid_width\":\"1-2\",\"image_svg_color\":\"emphasis\",\"link_style\":\"default\",\"link_text\":\"Read more\",\"show_image\":true,\"show_link\":true},\"children\":[{\"type\":\"accordion_item\",\"props\":{\"content\":\"\n\n<p>[contact-form-7 id=\\\"1256\\\" title=\\\"HR\\\"]<\\\/p>\",\"title\":\"Schreiben Sie uns.\"}}]}]}]}]}],\"version\":\"4.5.16\"} --><\/p>\n","protected":false},"excerpt":{"rendered":"<p>Sie m\u00f6chten durchstarten und etwas bewegen? Mit uns schaffen Sie Nachhaltiges! Seit mehr als 65 Jahren betreiben wir erfolgreich den gr\u00f6ssten Recyclingbetrieb der Schweiz. Mit einem Grossshredder f\u00fcr Altfahrzeuge, Metall- und E-Schrott sowie innovativen Sortier- und Trennanlagen f\u00fchren wir Rohstoffe in den Materialkreislauf zur\u00fcck und leisten somit einen wichtigen Beitrag zum Umweltschutz. Die hohen Qualit\u00e4tsanspr\u00fcche [&hellip;]<\/p>\n","protected":false},"author":1,"featured_media":0,"parent":0,"menu_order":0,"comment_status":"closed","ping_status":"closed","template":"","meta":{"inline_featured_image":false,"footnotes":""},"class_list":["post-16669","page","type-page","status-publish","hentry"],"yoast_head":"<!-- This site is optimized with the Yoast SEO Premium plugin v24.3 (Yoast SEO v27.4) - https:\/\/yoast.com\/product\/yoast-seo-premium-wordpress\/ -->\n<title>Sachbearbeiter Verkaufsadministration Dispo Export 100 - Wiederkehr Recycling<\/title>\n<meta name=\"description\" content=\"Sie sind auf der Suche nach einer neue Stelle? Dann bewerben Sie sich jetzt als Sachbearbeiter\/in Verkaufsadministration.\" \/>\n<meta name=\"robots\" content=\"index, follow, max-snippet:-1, max-image-preview:large, max-video-preview:-1\" \/>\n<link rel=\"canonical\" href=\"https:\/\/www.wierec.com\/en\/sachbearbeiter-verkaufsadministration-dispo-export-100\/\" \/>\n<meta property=\"og:locale\" content=\"en_US\" \/>\n<meta property=\"og:type\" content=\"article\" \/>\n<meta property=\"og:title\" content=\"Sachbearbeiter Verkaufsadministration Dispo Export 100\" \/>\n<meta property=\"og:description\" content=\"Sie sind auf der Suche nach einer neue Stelle? Dann bewerben Sie sich jetzt als Sachbearbeiter\/in Verkaufsadministration.\" \/>\n<meta property=\"og:url\" content=\"https:\/\/www.wierec.com\/en\/sachbearbeiter-verkaufsadministration-dispo-export-100\/\" \/>\n<meta property=\"og:site_name\" content=\"Wiederkehr Recycling\" \/>\n<meta property=\"article:modified_time\" content=\"2025-06-27T14:14:46+00:00\" \/>\n<meta name=\"twitter:card\" content=\"summary_large_image\" \/>\n<meta name=\"twitter:label1\" content=\"Est. reading time\" \/>\n\t<meta name=\"twitter:data1\" content=\"2 minutes\" \/>\n<script type=\"application\/ld+json\" class=\"yoast-schema-graph\">{\"@context\":\"https:\\\/\\\/schema.org\",\"@graph\":[{\"@type\":\"WebPage\",\"@id\":\"https:\\\/\\\/www.wierec.com\\\/en\\\/sachbearbeiter-verkaufsadministration-dispo-export-100\\\/\",\"url\":\"https:\\\/\\\/www.wierec.com\\\/en\\\/sachbearbeiter-verkaufsadministration-dispo-export-100\\\/\",\"name\":\"Sachbearbeiter Verkaufsadministration Dispo Export 100 - Wiederkehr Recycling\",\"isPartOf\":{\"@id\":\"https:\\\/\\\/www.wierec.com\\\/en\\\/#website\"},\"datePublished\":\"2024-06-14T06:15:04+00:00\",\"dateModified\":\"2025-06-27T14:14:46+00:00\",\"description\":\"Sie sind auf der Suche nach einer neue Stelle? Dann bewerben Sie sich jetzt als Sachbearbeiter\\\/in Verkaufsadministration.\",\"breadcrumb\":{\"@id\":\"https:\\\/\\\/www.wierec.com\\\/en\\\/sachbearbeiter-verkaufsadministration-dispo-export-100\\\/#breadcrumb\"},\"inLanguage\":\"en-US\",\"potentialAction\":[{\"@type\":\"ReadAction\",\"target\":[\"https:\\\/\\\/www.wierec.com\\\/en\\\/sachbearbeiter-verkaufsadministration-dispo-export-100\\\/\"]}]},{\"@type\":\"BreadcrumbList\",\"@id\":\"https:\\\/\\\/www.wierec.com\\\/en\\\/sachbearbeiter-verkaufsadministration-dispo-export-100\\\/#breadcrumb\",\"itemListElement\":[{\"@type\":\"ListItem\",\"position\":1,\"name\":\"Home\",\"item\":\"https:\\\/\\\/www.wierec.com\\\/en\\\/\"},{\"@type\":\"ListItem\",\"position\":2,\"name\":\"Sachbearbeiter Verkaufsadministration Dispo Export 100\"}]},{\"@type\":\"WebSite\",\"@id\":\"https:\\\/\\\/www.wierec.com\\\/en\\\/#website\",\"url\":\"https:\\\/\\\/www.wierec.com\\\/en\\\/\",\"name\":\"Wiederkehr Recycling\",\"description\":\"Die Wiederkehr der Rohstoffe\",\"publisher\":{\"@id\":\"https:\\\/\\\/www.wierec.com\\\/en\\\/#organization\"},\"potentialAction\":[{\"@type\":\"SearchAction\",\"target\":{\"@type\":\"EntryPoint\",\"urlTemplate\":\"https:\\\/\\\/www.wierec.com\\\/en\\\/?s={search_term_string}\"},\"query-input\":{\"@type\":\"PropertyValueSpecification\",\"valueRequired\":true,\"valueName\":\"search_term_string\"}}],\"inLanguage\":\"en-US\"},{\"@type\":\"Organization\",\"@id\":\"https:\\\/\\\/www.wierec.com\\\/en\\\/#organization\",\"name\":\"Wiederkehr Recycling AG\",\"url\":\"https:\\\/\\\/www.wierec.com\\\/en\\\/\",\"logo\":{\"@type\":\"ImageObject\",\"inLanguage\":\"en-US\",\"@id\":\"https:\\\/\\\/www.wierec.com\\\/en\\\/#\\\/schema\\\/logo\\\/image\\\/\",\"url\":\"https:\\\/\\\/www.wierec.com\\\/wp-content\\\/uploads\\\/2020\\\/11\\\/logo-wiederkehr-gruppe-4f-quer-001.png\",\"contentUrl\":\"https:\\\/\\\/www.wierec.com\\\/wp-content\\\/uploads\\\/2020\\\/11\\\/logo-wiederkehr-gruppe-4f-quer-001.png\",\"width\":1500,\"height\":367,\"caption\":\"Wiederkehr Recycling AG\"},\"image\":{\"@id\":\"https:\\\/\\\/www.wierec.com\\\/en\\\/#\\\/schema\\\/logo\\\/image\\\/\"}}]}<\/script>\n<!-- \/ Yoast SEO Premium plugin. -->","yoast_head_json":{"title":"Sachbearbeiter Verkaufsadministration Dispo Export 100 - Wiederkehr Recycling","description":"Sie sind auf der Suche nach einer neue Stelle? Dann bewerben Sie sich jetzt als Sachbearbeiter\/in Verkaufsadministration.","robots":{"index":"index","follow":"follow","max-snippet":"max-snippet:-1","max-image-preview":"max-image-preview:large","max-video-preview":"max-video-preview:-1"},"canonical":"https:\/\/www.wierec.com\/en\/sachbearbeiter-verkaufsadministration-dispo-export-100\/","og_locale":"en_US","og_type":"article","og_title":"Sachbearbeiter Verkaufsadministration Dispo Export 100","og_description":"Sie sind auf der Suche nach einer neue Stelle? Dann bewerben Sie sich jetzt als Sachbearbeiter\/in Verkaufsadministration.","og_url":"https:\/\/www.wierec.com\/en\/sachbearbeiter-verkaufsadministration-dispo-export-100\/","og_site_name":"Wiederkehr Recycling","article_modified_time":"2025-06-27T14:14:46+00:00","twitter_card":"summary_large_image","twitter_misc":{"Est. reading time":"2 minutes"},"schema":{"@context":"https:\/\/schema.org","@graph":[{"@type":"WebPage","@id":"https:\/\/www.wierec.com\/en\/sachbearbeiter-verkaufsadministration-dispo-export-100\/","url":"https:\/\/www.wierec.com\/en\/sachbearbeiter-verkaufsadministration-dispo-export-100\/","name":"Sachbearbeiter Verkaufsadministration Dispo Export 100 - Wiederkehr Recycling","isPartOf":{"@id":"https:\/\/www.wierec.com\/en\/#website"},"datePublished":"2024-06-14T06:15:04+00:00","dateModified":"2025-06-27T14:14:46+00:00","description":"Sie sind auf der Suche nach einer neue Stelle? Dann bewerben Sie sich jetzt als Sachbearbeiter\/in Verkaufsadministration.","breadcrumb":{"@id":"https:\/\/www.wierec.com\/en\/sachbearbeiter-verkaufsadministration-dispo-export-100\/#breadcrumb"},"inLanguage":"en-US","potentialAction":[{"@type":"ReadAction","target":["https:\/\/www.wierec.com\/en\/sachbearbeiter-verkaufsadministration-dispo-export-100\/"]}]},{"@type":"BreadcrumbList","@id":"https:\/\/www.wierec.com\/en\/sachbearbeiter-verkaufsadministration-dispo-export-100\/#breadcrumb","itemListElement":[{"@type":"ListItem","position":1,"name":"Home","item":"https:\/\/www.wierec.com\/en\/"},{"@type":"ListItem","position":2,"name":"Sachbearbeiter Verkaufsadministration Dispo Export 100"}]},{"@type":"WebSite","@id":"https:\/\/www.wierec.com\/en\/#website","url":"https:\/\/www.wierec.com\/en\/","name":"Wiederkehr Recycling","description":"Die Wiederkehr der Rohstoffe","publisher":{"@id":"https:\/\/www.wierec.com\/en\/#organization"},"potentialAction":[{"@type":"SearchAction","target":{"@type":"EntryPoint","urlTemplate":"https:\/\/www.wierec.com\/en\/?s={search_term_string}"},"query-input":{"@type":"PropertyValueSpecification","valueRequired":true,"valueName":"search_term_string"}}],"inLanguage":"en-US"},{"@type":"Organization","@id":"https:\/\/www.wierec.com\/en\/#organization","name":"Wiederkehr Recycling AG","url":"https:\/\/www.wierec.com\/en\/","logo":{"@type":"ImageObject","inLanguage":"en-US","@id":"https:\/\/www.wierec.com\/en\/#\/schema\/logo\/image\/","url":"https:\/\/www.wierec.com\/wp-content\/uploads\/2020\/11\/logo-wiederkehr-gruppe-4f-quer-001.png","contentUrl":"https:\/\/www.wierec.com\/wp-content\/uploads\/2020\/11\/logo-wiederkehr-gruppe-4f-quer-001.png","width":1500,"height":367,"caption":"Wiederkehr Recycling AG"},"image":{"@id":"https:\/\/www.wierec.com\/en\/#\/schema\/logo\/image\/"}}]}},"_links":{"self":[{"href":"https:\/\/www.wierec.com\/en\/wp-json\/wp\/v2\/pages\/16669","targetHints":{"allow":["GET"]}}],"collection":[{"href":"https:\/\/www.wierec.com\/en\/wp-json\/wp\/v2\/pages"}],"about":[{"href":"https:\/\/www.wierec.com\/en\/wp-json\/wp\/v2\/types\/page"}],"author":[{"embeddable":true,"href":"https:\/\/www.wierec.com\/en\/wp-json\/wp\/v2\/users\/1"}],"replies":[{"embeddable":true,"href":"https:\/\/www.wierec.com\/en\/wp-json\/wp\/v2\/comments?post=16669"}],"version-history":[{"count":10,"href":"https:\/\/www.wierec.com\/en\/wp-json\/wp\/v2\/pages\/16669\/revisions"}],"predecessor-version":[{"id":20829,"href":"https:\/\/www.wierec.com\/en\/wp-json\/wp\/v2\/pages\/16669\/revisions\/20829"}],"wp:attachment":[{"href":"https:\/\/www.wierec.com\/en\/wp-json\/wp\/v2\/media?parent=16669"}],"curies":[{"name":"wp","href":"https:\/\/api.w.org\/{rel}","templated":true}]}}