{"id":16792,"date":"2024-07-02T12:05:09","date_gmt":"2024-07-02T12:05:09","guid":{"rendered":"https:\/\/www.wierec.com\/?page_id=16792"},"modified":"2025-05-07T12:55:23","modified_gmt":"2025-05-07T12:55:23","slug":"it-business-allrounder-100-m-w-d","status":"publish","type":"page","link":"https:\/\/www.wierec.com\/en\/it-business-allrounder-100-m-w-d\/","title":{"rendered":"IT Business Allrounder 100% (m\/w\/d)"},"content":{"rendered":"<div>\n<p>Sie m\u00f6chten durchstarten und etwas bewegen? Mit uns schaffen Sie Nachhaltiges. Die Wiederkehr Recycling ist ein fester Begriff in der nationalen Kreislaufwirtschaft und f\u00fchrend im Metall-Recycling. Sind Sie das erg\u00e4nzende Zahnrad in unserem Mechanismus und m\u00f6chten die international agierende Gruppe in einer der zukunftsrelevanten Branchen unterst\u00fctzen? Diese M\u00f6glichkeit haben Sie nun,<\/p>\n<\/p>\n<p>denn wir suchen ab sofort einen<\/p>\n<\/div>\n<h1>IT Business Allrounder 100% (m\/w\/d)<\/h1>\n<div>\n<p><strong>Ihr Aufgabengebiet:<\/strong><\/p>\n<ul>\n<li>Verantwortung, Betreuung und Weiterentwicklung der gesamten ICT-Infrastruktur an mehreren Standorten<\/li>\n<li>Sicherstellen des Supports und der Wartung der ICT-Infrastruktur<\/li>\n<li>Leitung, Unterst\u00fctzung und Koordination von IT-Projekten<\/li>\n<li>Ansprechpartner f\u00fcr ICT-Fragen<\/li>\n<li>Schnittstelle zu externen Dienstleistern, einschliesslich Einkauf und Bewertung von ICT-Mitteln und Anbietern<\/li>\n<li>Beratung der Gesch\u00e4ftsleitung in technischen und sicherheitsrelevanten Fragen<\/li>\n<li>Erstellung und Umsetzung der ICT-Strategie in Abstimmung mit der Gesch\u00e4ftsleitung<\/li>\n<\/ul>\n<p><strong>\u00a0<\/strong><\/p>\n<p><strong>Das bringen Sie mit:<\/strong><\/p>\n<ul>\n<li>Abgeschlossenes Studium im Bereich Informatik oder eine vergleichbare Qualifikation<\/li>\n<li>Mehrj\u00e4hrige Berufserfahrung in einer \u00e4hnlichen Position<\/li>\n<li>Fundierte Kenntnisse in der ICT-Infrastruktur, Telefonie und relevanten Softwarel\u00f6sungen<\/li>\n<li>Erfahrung im Projektmanagement und in der Leitung von IT-Projekten<\/li>\n<li>Hervorragende Kommunikationsf\u00e4higkeiten und Probleml\u00f6sungskompetenz<\/li>\n<li>Selbstst\u00e4ndige und strukturierte Arbeitsweise<\/li>\n<li>Gute Deutschkenntnisse in Wort und Schrift<\/li>\n<\/ul>\n<p><strong>Das bieten wir:<\/strong><\/p>\n<ul>\n<li>Zeitgem\u00e4sse Anstellung, unter anderem mit 5 Wochen Ferien und 1 Woche Betriebsferien<\/li>\n<li>42.5 Wochenarbeitsstunden \/ Gleitzeitmodell<\/li>\n<li>Gesundheits- und Jubil\u00e4umsbonus<\/li>\n<li>Kostenlose Parkm\u00f6glichkeiten<\/li>\n<li>Attraktives internes und externes Fort- und Weiterbildungsangebot mit zeitlicher und finanzieller Unterst\u00fctzung<\/li>\n<li>Dynamisches und lebendiges Familienunternehmen<\/li>\n<\/ul>\n<p>Wir arbeiten gerne mit Menschen zusammen, welche sich selbst wie auch das Unternehmen weiterentwickeln wollen, Spass an der Arbeit haben und auch bereit sind, mit uns die Extrameile im Sinne Aller zu gehen. Bei uns k\u00f6nnen Sie Ihr Gedankengut einfliessen lassen und Prozesse mitverbessern. Es erwartet Sie ein vielseitiges Aufgabenspektrum in einem dynamischen und stets wachsenden Markt.<\/p>\n<p>Werden Sie Teil unseres Wiederkehr-Teams!<\/p>\n<\/p>\n<p>Frau Jolanda Kalt freut sich auf Ihre vollst\u00e4ndigen Bewerbungsunterlagen: <a href=\"mailto:jobs@wierec.com\">jobs@wierec.com<\/a><\/p>\n<\/p>\n<p>Haben Sie noch Fragen? Wir freuen uns auf Ihre Kontaktaufnahme.<\/p>\n<\/div>\n<p>\n    <a href=\"https:\/\/www.wierec.com\/en\/bewerbung-waltenschwil\/\">JETZT BEWERBEN<\/a>\n<\/p>\n<p>\n    <a href=\"https:\/\/www.wierec.com\/karriere\/\">ZUR\u00dcCK <\/a>\n<\/p>\n<div>\n<p>Sie haben Fragen zur offenen Stelle oder zum Bewerbungsprozess? <\/p>\n<\/div>\n<div>\n<h3>Schreiben Sie uns.<\/h3>\n<div>\n\n<div class=\"wpcf7 no-js\" id=\"wpcf7-f4895-o1\" lang=\"en-US\" dir=\"ltr\" data-wpcf7-id=\"4895\">\n<div class=\"screen-reader-response\"><p role=\"status\" aria-live=\"polite\" aria-atomic=\"true\"><\/p> <ul><\/ul><\/div>\n<form action=\"\/en\/wp-json\/wp\/v2\/pages\/16792#wpcf7-f4895-o1\" method=\"post\" class=\"wpcf7-form init\" aria-label=\"Contact form\" novalidate=\"novalidate\" data-status=\"init\">\n<fieldset class=\"hidden-fields-container\"><input type=\"hidden\" name=\"_wpcf7\" value=\"4895\" \/><input type=\"hidden\" name=\"_wpcf7_version\" value=\"6.1.5\" \/><input type=\"hidden\" name=\"_wpcf7_locale\" value=\"en_US\" \/><input type=\"hidden\" name=\"_wpcf7_unit_tag\" value=\"wpcf7-f4895-o1\" \/><input type=\"hidden\" name=\"_wpcf7_container_post\" value=\"0\" \/><input type=\"hidden\" name=\"_wpcf7_posted_data_hash\" value=\"\" \/><input type=\"hidden\" name=\"_wpcf7_recaptcha_response\" value=\"\" \/>\n<\/fieldset>\n<p><label> Surame*<br \/>\n<span class=\"wpcf7-form-control-wrap\" data-name=\"your-name\"><input size=\"40\" maxlength=\"400\" class=\"wpcf7-form-control wpcf7-text wpcf7-validates-as-required\" aria-required=\"true\" aria-invalid=\"false\" value=\"\" type=\"text\" name=\"your-name\" \/><\/span> <\/label>\n<\/p>\n<p><label> Name*<br \/>\n<span class=\"wpcf7-form-control-wrap\" data-name=\"your-vorname\"><input size=\"40\" maxlength=\"400\" class=\"wpcf7-form-control wpcf7-text wpcf7-validates-as-required\" aria-required=\"true\" aria-invalid=\"false\" value=\"\" type=\"text\" name=\"your-vorname\" \/><\/span> <\/label>\n<\/p>\n<p><label> E-Mail*<br \/>\n<span class=\"wpcf7-form-control-wrap\" data-name=\"your-email\"><input size=\"40\" maxlength=\"400\" class=\"wpcf7-form-control wpcf7-email wpcf7-validates-as-required wpcf7-text wpcf7-validates-as-email\" aria-required=\"true\" aria-invalid=\"false\" value=\"\" type=\"email\" name=\"your-email\" \/><\/span> <\/label>\n<\/p>\n<p><label>Telephone<span class=\"wpcf7-form-control-wrap\" data-name=\"tel-877\"><input size=\"40\" maxlength=\"400\" class=\"wpcf7-form-control wpcf7-tel wpcf7-text wpcf7-validates-as-tel\" aria-invalid=\"false\" value=\"\" type=\"tel\" name=\"tel-877\" \/><\/span><\/label>\n<\/p>\n<p><label> My question<br \/>\n<span class=\"wpcf7-form-control-wrap\" data-name=\"your-message\"><textarea cols=\"40\" rows=\"10\" maxlength=\"2000\" class=\"wpcf7-form-control wpcf7-textarea\" aria-invalid=\"false\" name=\"your-message\"><\/textarea><\/span> <\/label>\n<\/p>\n<p><input class=\"wpcf7-form-control wpcf7-submit has-spinner\" type=\"submit\" value=\"Send\" \/>\n<\/p><div class=\"wpcf7-response-output\" aria-hidden=\"true\"><\/div>\n<\/form>\n<\/div>\n\n<\/div>\n<\/div>\n<p><!--more--><br \/>\n<!-- {\"type\":\"layout\",\"children\":[{\"type\":\"section\",\"props\":{\"image_position\":\"center-center\",\"style\":\"default\",\"title_breakpoint\":\"xl\",\"title_position\":\"top-left\",\"title_rotation\":\"left\",\"vertical_align\":\"middle\",\"width\":\"default\"},\"children\":[{\"type\":\"row\",\"children\":[{\"type\":\"column\",\"props\":{\"image_position\":\"center-center\",\"position_sticky_breakpoint\":\"m\"},\"children\":[{\"type\":\"text\",\"props\":{\"column_breakpoint\":\"m\",\"content\":\"\n\n<p>Sie m\\u00f6chten durchstarten und etwas bewegen? Mit uns schaffen Sie Nachhaltiges. Die Wiederkehr Recycling ist ein fester Begriff in der nationalen Kreislaufwirtschaft und f\\u00fchrend im Metall-Recycling. Sind Sie das erg\\u00e4nzende Zahnrad in unserem Mechanismus und m\\u00f6chten die international agierende Gruppe in einer der zukunftsrelevanten Branchen unterst\\u00fctzen? Diese M\\u00f6glichkeit haben Sie nun,<\\\/p>\\n\n\n<p><\\\/p>\\n\n\n<p>denn wir suchen ab sofort einen<\\\/p>\",\"margin\":\"default\"}},{\"type\":\"headline\",\"props\":{\"content\":\"IT Business Allrounder 100% (m\\\/w\\\/d)\",\"title_element\":\"h1\",\"title_style\":\"h3\"}},{\"type\":\"text\",\"props\":{\"column_breakpoint\":\"m\",\"content\":\"\n\n<p><strong>Ihr Aufgabengebiet:<\\\/strong><\\\/p>\\n\n\n<ul>\\n\n\n<li>Verantwortung, Betreuung und Weiterentwicklung der gesamten ICT-Infrastruktur an mehreren Standorten<\\\/li>\\n\n\n<li>Sicherstellen des Supports und der Wartung der ICT-Infrastruktur<\\\/li>\\n\n\n<li>Leitung, Unterst\\u00fctzung und Koordination von IT-Projekten<\\\/li>\\n\n\n<li>Ansprechpartner f\\u00fcr ICT-Fragen<\\\/li>\\n\n\n<li>Schnittstelle zu externen Dienstleistern, einschliesslich Einkauf und Bewertung von ICT-Mitteln und Anbietern<\\\/li>\\n\n\n<li>Beratung der Gesch\\u00e4ftsleitung in technischen und sicherheitsrelevanten Fragen<\\\/li>\\n\n\n<li>Erstellung und Umsetzung der ICT-Strategie in Abstimmung mit der Gesch\\u00e4ftsleitung<\\\/li>\\n<\\\/ul>\\n\n\n<p><strong>\\u00a0<\\\/strong><\\\/p>\\n\n\n<p><strong>Das bringen Sie mit:<\\\/strong><\\\/p>\\n\n\n<ul>\\n\n\n<li>Abgeschlossenes Studium im Bereich Informatik oder eine vergleichbare Qualifikation<\\\/li>\\n\n\n<li>Mehrj\\u00e4hrige Berufserfahrung in einer \\u00e4hnlichen Position<\\\/li>\\n\n\n<li>Fundierte Kenntnisse in der ICT-Infrastruktur, Telefonie und relevanten Softwarel\\u00f6sungen<\\\/li>\\n\n\n<li>Erfahrung im Projektmanagement und in der Leitung von IT-Projekten<\\\/li>\\n\n\n<li>Hervorragende Kommunikationsf\\u00e4higkeiten und Probleml\\u00f6sungskompetenz<\\\/li>\\n\n\n<li>Selbstst\\u00e4ndige und strukturierte Arbeitsweise<\\\/li>\\n\n\n<li>Gute Deutschkenntnisse in Wort und Schrift<\\\/li>\\n<\\\/ul>\\n\n\n<p><\\\/p>\\n\n\n<p><strong>Das bieten wir:<\\\/strong><\\\/p>\\n\n\n<ul>\\n\n\n<li>Zeitgem\\u00e4sse Anstellung, unter anderem mit 5 Wochen Ferien und 1 Woche Betriebsferien<\\\/li>\\n\n\n<li>42.5 Wochenarbeitsstunden \\\/ Gleitzeitmodell<\\\/li>\\n\n\n<li>Gesundheits- und Jubil\\u00e4umsbonus<\\\/li>\\n\n\n<li>Kostenlose Parkm\\u00f6glichkeiten<\\\/li>\\n\n\n<li>Attraktives internes und externes Fort- und Weiterbildungsangebot mit zeitlicher und finanzieller Unterst\\u00fctzung<\\\/li>\\n\n\n<li>Dynamisches und lebendiges Familienunternehmen<\\\/li>\\n<\\\/ul>\\n\n\n<p>Wir arbeiten gerne mit Menschen zusammen, welche sich selbst wie auch das Unternehmen weiterentwickeln wollen, Spass an der Arbeit haben und auch bereit sind, mit uns die Extrameile im Sinne Aller zu gehen. Bei uns k\\u00f6nnen Sie Ihr Gedankengut einfliessen lassen und Prozesse mitverbessern. Es erwartet Sie ein vielseitiges Aufgabenspektrum in einem dynamischen und stets wachsenden Markt.<\\\/p>\\n\n\n<p>Werden Sie Teil unseres Wiederkehr-Teams!<\\\/p>\\n\n\n<p><\\\/p>\\n\n\n<p>Frau Jolanda Kalt freut sich auf Ihre vollst\\u00e4ndigen Bewerbungsunterlagen: <a href=\\\"mailto:jobs@wierec.com\\\">jobs@wierec.com<\\\/a><\\\/p>\\n\n\n<p><\\\/p>\\n\n\n<p>Haben Sie noch Fragen? Wir freuen uns auf Ihre Kontaktaufnahme.<\\\/p>\",\"margin\":\"default\"}},{\"type\":\"button\",\"props\":{\"grid_column_gap\":\"small\",\"grid_row_gap\":\"small\",\"margin\":\"default\"},\"children\":[{\"type\":\"button_item\",\"props\":{\"button_style\":\"primary\",\"content\":\"JETZT BEWERBEN\",\"icon_align\":\"left\",\"link\":\"bewerbung-waltenschwil\\\/\"}}]}]}]}]},{\"type\":\"section\",\"props\":{\"image_position\":\"center-center\",\"style\":\"muted\",\"title_breakpoint\":\"xl\",\"title_position\":\"top-left\",\"title_rotation\":\"left\",\"vertical_align\":\"middle\",\"width\":\"default\"},\"children\":[{\"type\":\"row\",\"props\":{\"layout\":\"1-2,1-2\"},\"children\":[{\"type\":\"column\",\"props\":{\"image_position\":\"center-center\",\"position_sticky_breakpoint\":\"m\",\"width_medium\":\"1-2\"},\"children\":[{\"type\":\"button\",\"props\":{\"grid_column_gap\":\"small\",\"grid_row_gap\":\"small\",\"margin\":\"default\"},\"children\":[{\"type\":\"button_item\",\"props\":{\"button_style\":\"default\",\"content\":\"ZUR\\u00dcCK \",\"icon_align\":\"left\",\"link\":\"index.php\\\/karriere\\\/\"}}]}]},{\"type\":\"column\",\"props\":{\"image_position\":\"center-center\",\"position_sticky_breakpoint\":\"m\",\"width_medium\":\"1-2\"},\"children\":[{\"type\":\"text\",\"props\":{\"column_breakpoint\":\"m\",\"content\":\"\n\n<p>Sie haben Fragen zur offenen Stelle oder zum Bewerbungsprozess? <\\\/p>\",\"margin\":\"default\"}},{\"type\":\"accordion\",\"props\":{\"collapsible\":true,\"content_column_breakpoint\":\"m\",\"content_dropcap\":false,\"css\":\".el-title {color:#003967; padding:10px;padding-left:0px; font-size:20px; font-weight:bold; }\",\"image_align\":\"top\",\"image_grid_breakpoint\":\"m\",\"image_grid_width\":\"1-2\",\"image_svg_color\":\"emphasis\",\"link_style\":\"default\",\"link_text\":\"Read more\",\"show_image\":true,\"show_link\":true},\"children\":[{\"type\":\"accordion_item\",\"props\":{\"content\":\"\n\n<p>[contact-form-7 id=\\\"1256\\\" title=\\\"HR\\\"]<\\\/p>\",\"title\":\"Schreiben Sie uns.\"}}]}]}]}]}],\"version\":\"4.3.4\"} --><\/p>\n","protected":false},"excerpt":{"rendered":"<p>Sie m\u00f6chten durchstarten und etwas bewegen? Mit uns schaffen Sie Nachhaltiges. Die Wiederkehr Recycling ist ein fester Begriff in der nationalen Kreislaufwirtschaft und f\u00fchrend im Metall-Recycling. Sind Sie das erg\u00e4nzende Zahnrad in unserem Mechanismus und m\u00f6chten die international agierende Gruppe in einer der zukunftsrelevanten Branchen unterst\u00fctzen? Diese M\u00f6glichkeit haben Sie nun, denn wir suchen ab [&hellip;]<\/p>\n","protected":false},"author":1,"featured_media":0,"parent":0,"menu_order":0,"comment_status":"closed","ping_status":"closed","template":"","meta":{"inline_featured_image":false,"footnotes":""},"class_list":["post-16792","page","type-page","status-publish","hentry"],"yoast_head":"<!-- This site is optimized with the Yoast SEO Premium plugin v24.3 (Yoast SEO v27.4) - https:\/\/yoast.com\/product\/yoast-seo-premium-wordpress\/ -->\n<title>IT Business Allrounder 100% (m\/w\/d) - Wiederkehr Recycling<\/title>\n<meta name=\"description\" content=\"Sind Sie auf der Suche nach einer neuen Stelle? Dann bewerben Sie sich jetzt bei uns als IT Business Allrounder.\" \/>\n<meta name=\"robots\" content=\"index, follow, max-snippet:-1, max-image-preview:large, max-video-preview:-1\" \/>\n<link rel=\"canonical\" href=\"https:\/\/www.wierec.com\/en\/it-business-allrounder-100-m-w-d\/\" \/>\n<meta property=\"og:locale\" content=\"en_US\" \/>\n<meta property=\"og:type\" content=\"article\" \/>\n<meta property=\"og:title\" content=\"IT Business Allrounder 100% (m\/w\/d)\" \/>\n<meta property=\"og:description\" content=\"Sind Sie auf der Suche nach einer neuen Stelle? Dann bewerben Sie sich jetzt bei uns als IT Business Allrounder.\" \/>\n<meta property=\"og:url\" content=\"https:\/\/www.wierec.com\/en\/it-business-allrounder-100-m-w-d\/\" \/>\n<meta property=\"og:site_name\" content=\"Wiederkehr Recycling\" \/>\n<meta property=\"article:modified_time\" content=\"2025-05-07T12:55:23+00:00\" \/>\n<meta name=\"twitter:card\" content=\"summary_large_image\" \/>\n<meta name=\"twitter:label1\" content=\"Est. reading time\" \/>\n\t<meta name=\"twitter:data1\" content=\"2 minutes\" \/>\n<script type=\"application\/ld+json\" class=\"yoast-schema-graph\">{\"@context\":\"https:\\\/\\\/schema.org\",\"@graph\":[{\"@type\":\"WebPage\",\"@id\":\"https:\\\/\\\/www.wierec.com\\\/en\\\/it-business-allrounder-100-m-w-d\\\/\",\"url\":\"https:\\\/\\\/www.wierec.com\\\/en\\\/it-business-allrounder-100-m-w-d\\\/\",\"name\":\"IT Business Allrounder 100% (m\\\/w\\\/d) - Wiederkehr Recycling\",\"isPartOf\":{\"@id\":\"https:\\\/\\\/www.wierec.com\\\/en\\\/#website\"},\"datePublished\":\"2024-07-02T12:05:09+00:00\",\"dateModified\":\"2025-05-07T12:55:23+00:00\",\"description\":\"Sind Sie auf der Suche nach einer neuen Stelle? Dann bewerben Sie sich jetzt bei uns als IT Business Allrounder.\",\"breadcrumb\":{\"@id\":\"https:\\\/\\\/www.wierec.com\\\/en\\\/it-business-allrounder-100-m-w-d\\\/#breadcrumb\"},\"inLanguage\":\"en-US\",\"potentialAction\":[{\"@type\":\"ReadAction\",\"target\":[\"https:\\\/\\\/www.wierec.com\\\/en\\\/it-business-allrounder-100-m-w-d\\\/\"]}]},{\"@type\":\"BreadcrumbList\",\"@id\":\"https:\\\/\\\/www.wierec.com\\\/en\\\/it-business-allrounder-100-m-w-d\\\/#breadcrumb\",\"itemListElement\":[{\"@type\":\"ListItem\",\"position\":1,\"name\":\"Home\",\"item\":\"https:\\\/\\\/www.wierec.com\\\/en\\\/\"},{\"@type\":\"ListItem\",\"position\":2,\"name\":\"IT Business Allrounder 100% (m\\\/w\\\/d)\"}]},{\"@type\":\"WebSite\",\"@id\":\"https:\\\/\\\/www.wierec.com\\\/en\\\/#website\",\"url\":\"https:\\\/\\\/www.wierec.com\\\/en\\\/\",\"name\":\"Wiederkehr Recycling\",\"description\":\"Die Wiederkehr der Rohstoffe\",\"publisher\":{\"@id\":\"https:\\\/\\\/www.wierec.com\\\/en\\\/#organization\"},\"potentialAction\":[{\"@type\":\"SearchAction\",\"target\":{\"@type\":\"EntryPoint\",\"urlTemplate\":\"https:\\\/\\\/www.wierec.com\\\/en\\\/?s={search_term_string}\"},\"query-input\":{\"@type\":\"PropertyValueSpecification\",\"valueRequired\":true,\"valueName\":\"search_term_string\"}}],\"inLanguage\":\"en-US\"},{\"@type\":\"Organization\",\"@id\":\"https:\\\/\\\/www.wierec.com\\\/en\\\/#organization\",\"name\":\"Wiederkehr Recycling AG\",\"url\":\"https:\\\/\\\/www.wierec.com\\\/en\\\/\",\"logo\":{\"@type\":\"ImageObject\",\"inLanguage\":\"en-US\",\"@id\":\"https:\\\/\\\/www.wierec.com\\\/en\\\/#\\\/schema\\\/logo\\\/image\\\/\",\"url\":\"https:\\\/\\\/www.wierec.com\\\/wp-content\\\/uploads\\\/2020\\\/11\\\/logo-wiederkehr-gruppe-4f-quer-001.png\",\"contentUrl\":\"https:\\\/\\\/www.wierec.com\\\/wp-content\\\/uploads\\\/2020\\\/11\\\/logo-wiederkehr-gruppe-4f-quer-001.png\",\"width\":1500,\"height\":367,\"caption\":\"Wiederkehr Recycling AG\"},\"image\":{\"@id\":\"https:\\\/\\\/www.wierec.com\\\/en\\\/#\\\/schema\\\/logo\\\/image\\\/\"}}]}<\/script>\n<!-- \/ Yoast SEO Premium plugin. -->","yoast_head_json":{"title":"IT Business Allrounder 100% (m\/w\/d) - Wiederkehr Recycling","description":"Sind Sie auf der Suche nach einer neuen Stelle? Dann bewerben Sie sich jetzt bei uns als IT Business Allrounder.","robots":{"index":"index","follow":"follow","max-snippet":"max-snippet:-1","max-image-preview":"max-image-preview:large","max-video-preview":"max-video-preview:-1"},"canonical":"https:\/\/www.wierec.com\/en\/it-business-allrounder-100-m-w-d\/","og_locale":"en_US","og_type":"article","og_title":"IT Business Allrounder 100% (m\/w\/d)","og_description":"Sind Sie auf der Suche nach einer neuen Stelle? Dann bewerben Sie sich jetzt bei uns als IT Business Allrounder.","og_url":"https:\/\/www.wierec.com\/en\/it-business-allrounder-100-m-w-d\/","og_site_name":"Wiederkehr Recycling","article_modified_time":"2025-05-07T12:55:23+00:00","twitter_card":"summary_large_image","twitter_misc":{"Est. reading time":"2 minutes"},"schema":{"@context":"https:\/\/schema.org","@graph":[{"@type":"WebPage","@id":"https:\/\/www.wierec.com\/en\/it-business-allrounder-100-m-w-d\/","url":"https:\/\/www.wierec.com\/en\/it-business-allrounder-100-m-w-d\/","name":"IT Business Allrounder 100% (m\/w\/d) - Wiederkehr Recycling","isPartOf":{"@id":"https:\/\/www.wierec.com\/en\/#website"},"datePublished":"2024-07-02T12:05:09+00:00","dateModified":"2025-05-07T12:55:23+00:00","description":"Sind Sie auf der Suche nach einer neuen Stelle? Dann bewerben Sie sich jetzt bei uns als IT Business Allrounder.","breadcrumb":{"@id":"https:\/\/www.wierec.com\/en\/it-business-allrounder-100-m-w-d\/#breadcrumb"},"inLanguage":"en-US","potentialAction":[{"@type":"ReadAction","target":["https:\/\/www.wierec.com\/en\/it-business-allrounder-100-m-w-d\/"]}]},{"@type":"BreadcrumbList","@id":"https:\/\/www.wierec.com\/en\/it-business-allrounder-100-m-w-d\/#breadcrumb","itemListElement":[{"@type":"ListItem","position":1,"name":"Home","item":"https:\/\/www.wierec.com\/en\/"},{"@type":"ListItem","position":2,"name":"IT Business Allrounder 100% (m\/w\/d)"}]},{"@type":"WebSite","@id":"https:\/\/www.wierec.com\/en\/#website","url":"https:\/\/www.wierec.com\/en\/","name":"Wiederkehr Recycling","description":"Die Wiederkehr der Rohstoffe","publisher":{"@id":"https:\/\/www.wierec.com\/en\/#organization"},"potentialAction":[{"@type":"SearchAction","target":{"@type":"EntryPoint","urlTemplate":"https:\/\/www.wierec.com\/en\/?s={search_term_string}"},"query-input":{"@type":"PropertyValueSpecification","valueRequired":true,"valueName":"search_term_string"}}],"inLanguage":"en-US"},{"@type":"Organization","@id":"https:\/\/www.wierec.com\/en\/#organization","name":"Wiederkehr Recycling AG","url":"https:\/\/www.wierec.com\/en\/","logo":{"@type":"ImageObject","inLanguage":"en-US","@id":"https:\/\/www.wierec.com\/en\/#\/schema\/logo\/image\/","url":"https:\/\/www.wierec.com\/wp-content\/uploads\/2020\/11\/logo-wiederkehr-gruppe-4f-quer-001.png","contentUrl":"https:\/\/www.wierec.com\/wp-content\/uploads\/2020\/11\/logo-wiederkehr-gruppe-4f-quer-001.png","width":1500,"height":367,"caption":"Wiederkehr Recycling AG"},"image":{"@id":"https:\/\/www.wierec.com\/en\/#\/schema\/logo\/image\/"}}]}},"_links":{"self":[{"href":"https:\/\/www.wierec.com\/en\/wp-json\/wp\/v2\/pages\/16792","targetHints":{"allow":["GET"]}}],"collection":[{"href":"https:\/\/www.wierec.com\/en\/wp-json\/wp\/v2\/pages"}],"about":[{"href":"https:\/\/www.wierec.com\/en\/wp-json\/wp\/v2\/types\/page"}],"author":[{"embeddable":true,"href":"https:\/\/www.wierec.com\/en\/wp-json\/wp\/v2\/users\/1"}],"replies":[{"embeddable":true,"href":"https:\/\/www.wierec.com\/en\/wp-json\/wp\/v2\/comments?post=16792"}],"version-history":[{"count":6,"href":"https:\/\/www.wierec.com\/en\/wp-json\/wp\/v2\/pages\/16792\/revisions"}],"predecessor-version":[{"id":19604,"href":"https:\/\/www.wierec.com\/en\/wp-json\/wp\/v2\/pages\/16792\/revisions\/19604"}],"wp:attachment":[{"href":"https:\/\/www.wierec.com\/en\/wp-json\/wp\/v2\/media?parent=16792"}],"curies":[{"name":"wp","href":"https:\/\/api.w.org\/{rel}","templated":true}]}}