{"id":4972,"date":"2020-11-16T14:46:49","date_gmt":"2020-11-16T14:46:49","guid":{"rendered":"https:\/\/www.wierec.com\/?page_id=4972"},"modified":"2026-01-05T07:32:06","modified_gmt":"2026-01-05T07:32:06","slug":"avo-wiederkehr-recycling-ag-schwarzenbach","status":"publish","type":"page","link":"https:\/\/www.wierec.com\/fr\/avo-wiederkehr-recycling-ag-schwarzenbach\/","title":{"rendered":"avo wiederkehr recycling ag schwarzenbach"},"content":{"rendered":"<h1>AVO WIEDERKEHR RECYCLING AG<br \/>\n<br \/>SCHWARZENBACH<\/h1>\n<p><img decoding=\"async\" src=\"\/wp-content\/uploads\/2020\/10\/Icon_Scrolldown.png\" alt=\"\"><\/p>\n<div>\n<p style=\"text-align: center;\">Nous avons repris la soci\u00e9t\u00e9 AVO Wiederkehr Recycling AG, situ\u00e9e \u00e0 Schwarzenbach, d\u00e8s 1978 et l\u2019avons tout de suite agrandie. Le site se trouve en Suisse orientale et b\u00e9n\u00e9ficie d\u2019une excellente accessibilit\u00e9 en mati\u00e8re de transports. Il dispose de sa propre liaison ferroviaire qui assure une logistique p\u00e9renne et respectueuse de l\u2019environnement. AVO Wiederkehr Recycling AG dispose d\u2019un broyeur ainsi que de diverses installations de tri et de s\u00e9paration.<\/p>\n<\/div>\n<p><img decoding=\"async\" src=\"\/wp-content\/uploads\/2020\/10\/logo-avo-wiederkehr-recycling-schwarzenbach-4f-001.jpg\" alt=\"\"><\/p>\n<h2>LE SITE DE RECYCLAGE <br \/>\nEN SUISSE ORIENTALE<\/h2>\n<h2>Adresse<\/h2>\n<div>\n<p>AVO Wiederkehr Recycling AG<br \/>Niederstettenstrasse 14<br \/>CH-9536 Schwarzenbach<\/p>\n<p>T\u00e9l\u00e9phone +41 71 929 40 70<br \/>Fax +41 71 929 40 71<br \/><a href=\"mailto:avo@wierec.com\">Contact<\/a><\/p>\n<\/div>\n<h2>Horaires d&rsquo;ouverture de l&rsquo;acceptation<\/h2>\n<div>\n<p><strong>Du lundi au jeudi<\/strong><br \/>7h00\u201311h45<br \/>13h00\u201316h45<\/p>\n<p><strong>Vendredi<\/strong><br \/>7h00\u201311h45<br \/>13h00\u201315h45<\/p>\n<\/div>\n<h2>Horaires d&rsquo;ouverture du bureau<\/h2>\n<div>\n<p><strong>Du lundi au jeudi<\/strong><br \/>7h00\u201312h00<br \/>13h00\u201317h00<\/p>\n<p><strong>Vendredi<\/strong><br \/>7h00\u201312h00<br \/>13h00\u201316h00<\/p>\n<\/div>\n<h2><span class=\"titleyellow\">Ferm\u00e9<\/span><\/h2>\n<div>\n<p>    <iframe loading=\"lazy\" src=\"https:\/\/www.google.com\/maps\/embed?pb=!1m14!1m8!1m3!1d10792.884539394077!2d9.0688204!3d47.4466287!3m2!1i1024!2i768!4f13.1!3m3!1m2!1s0x0%3A0x8cd7eb3e325e6f9a!2sAVO%20Wiederkehr%20Recycling%20AG!5e0!3m2!1sde!2sch!4v1604146097334!5m2!1sde!2sch\" width=\"100%\" height=\"600\" frameborder=\"0\" style=\"border:0;\" allowfullscreen=\"\" aria-hidden=\"false\" tabindex=\"0\"><\/iframe>\n<\/div>\n<h2>NOUS SOMMES \u00c0 VOTRE DISPOSITION POUR DES CONSEILS PERSONNALIS\u00c9S<\/h2>\n<ul>\n<li>\n<p>        <img decoding=\"async\" src=\"\/wp-content\/uploads\/2024\/10\/philippe-scherer_wiederkehr_gruppe_high-scaled.jpg\" alt=\"\"><\/p>\n<h3>Philippe Scherer<\/h3>\n<div>\n<p>Directeur du site ad interim<br \/>T\u00e9l\u00e9phone +41 56 618 36 07<br \/><a href=\"mailto:philippe.scherer@wierec.com\">Contact<\/a><\/p>\n<\/p>\n<\/div>\n<p><a href=\"mailto:philippe.scherer@wierec.com\"><\/a><\/p>\n<\/li>\n<li>\n<p>        <img decoding=\"async\" src=\"\/wp-content\/uploads\/2021\/11\/istrefaj_male_wiederkehr_gruppe.jpg\" alt=\"\"><\/p>\n<h3>Male Istrefaj<\/h3>\n<div>\n<p>Responsable du site<br \/>T\u00e9l\u00e9phone +41 71 929 40 78<br \/><a href=\"mailto:male.istrefaj@wierec.com\">Contact<\/a><\/p>\n<\/p>\n<\/div>\n<p><a href=\"mailto:male.istrefaj@wierec.com\"><\/a><\/p>\n<\/li>\n<li>\n<p>        <img decoding=\"async\" src=\"\/wp-content\/uploads\/2021\/04\/markus_rhyner_wiederkehr_gruppe-1.jpg\" alt=\"markus_rhyner_wiederkehr_gruppe-1\"><\/p>\n<h3>Markus Rhyner<\/h3>\n<div>\n<p>Responsable commercial<br \/>+41 79 105 84 91<br \/><a href=\"mailto:markus.rhyner@wierec.com\">Contact<\/a><\/p>\n<\/p>\n<\/div>\n<\/li>\n<li>\n<p>        <img decoding=\"async\" src=\"\/wp-content\/uploads\/2025\/12\/mic_anderes_wiederkehr_gruppe.jpg\" alt=\"platzhalter_mann_wiederkehr_gruppe\"><\/p>\n<h3>Mic Anderes<\/h3>\n<div>\n<p>Responsable logistique<br \/>T\u00e9l\u00e9phone <a href=\"tel: 0041 71 278 26 46\" title=\"Telefonnummer\">+41 71 278 26 46<\/a><br \/><a href=\"mailto:michael.anderes@thommen.ch\">Contact<\/a><\/p>\n<\/p>\n<\/div>\n<p><a href=\"mailto:michael.anderes@thommen.ch\"><\/a><\/p>\n<\/li>\n<\/ul>\n<p><p>\n        <a href=\"https:\/\/www.wierec.com\/fr\/materiaux-recyclable-schwarzenbach\/?lang=fr\">NOUS ACHETONS ET VENDONS CES MAT\u00c9RIAUX RECYCLABLES<\/a>\n    <\/p>\n<\/p>\n<h2>NOS ARGUMENTS POUR VOUS CONVAINCRE<\/h2>\n<ul>\n<li>\n<h3>Des concepts globaux innovants<\/h3>\n<\/li>\n<li>\n<h3>Le seul broyeur de Suisse orientale<\/h3>\n<\/li>\n<li>\n<h3>Excellente logistique avec camions et liaison ferroviaire<\/h3>\n<\/li>\n<\/ul>\n<h2>T\u00c9L\u00c9CHARGEMENTS, AVO WIEDERKEHR RECYCLING AG<\/h2>\n<ul>\n<li>\n<h3>Conditions g\u00e9n\u00e9rales (CG)<\/h3>\n<p><a href=\"\/wp-content\/uploads\/2025\/05\/wiederkehr-recycling-standorte-schwarzenbach-avo-AGB-2019-FR.pdf\"><\/a><\/p>\n<\/li>\n<li>\n<h3>Informations: reprise des mat\u00e9riaux ferreux (FE) et non ferreux (NF)<\/h3>\n<p><a href=\"\/wp-content\/uploads\/2025\/05\/wiederkehr-recycling-standorte-schwarzenbach-avo-info-reprise-de-metaux-ferreux-non-ferreux-FR.pdf\"><\/a><\/p>\n<\/li>\n<li>\n<h3>Informations: reprise de v\u00e9hicules hors d\u2019usage<\/h3>\n<p><a href=\"\/wp-content\/uploads\/2025\/05\/wiederkehr-recycling-standorte-schwarzenbach-avo-info-reprise-de-vehicules-hors-d-usage-FR.pdf\"><\/a><\/p>\n<\/li>\n<li>\n<h3>Informations: batteries contenant du lithium<\/h3>\n<p><a href=\"\/wp-content\/uploads\/2020\/11\/wiederkehr-recycling-standorte-schwarzenbach-avo-info-sur-les-batteries-contenant-du-lithium-FR.pdf\"><\/a><\/p>\n<\/li>\n<li>\n<h3>Informations: reprise d\u2019appareils \u00e9lectriques (SWICO)<\/h3>\n<p><a href=\"\/wp-content\/uploads\/2025\/05\/wiederkehr-recycling-standorte-schwarzenbach-avo-info-reprise-des-dechets-electroniques-pour-les-particuliers-FR.pdf\"><\/a><\/p>\n<\/li>\n<\/ul>\n<h2>NORMES DE QUALIT\u00c9<\/h2>\n<ul>\n<li>\n<h3>Autorisation de contribution loi d\u00e9chets<\/h3>\n<p><a href=\"\/wp-content\/uploads\/2023\/10\/wiederkehr-recycling-standorte-schwarzenbach-avo-betriebsbewilligung-veva.pdf\"><\/a><\/p>\n<\/li>\n<li>\n<h3>Certificat ISO 9001<\/h3>\n<p><a href=\"\/wp-content\/uploads\/2022\/11\/wiederkehr-recycling-standorte-waltenschwil-schwarzenbach-avo-zertifikat-DIN-EN-ISO-9001-2022.pdf\"><\/a><\/p>\n<\/li>\n<li>\n<h3>Certificat ISO 14001<\/h3>\n<p><a href=\"\/wp-content\/uploads\/2022\/11\/wiederkehr-recycling-standorte-waltenschwil-schwarzenbach-avo-zertifikat-DIN-EN-ISO-14001-2022.pdf\"><\/a><\/p>\n<\/li>\n<li>\n<h3>Adh\u00e9sion VSMR<\/h3>\n<p><a href=\"\/wp-content\/uploads\/2024\/02\/Wiederkehr_Recycling_Zertifikat_Mitglied_VSMR_AVO-2024.pdf\"><\/a><\/p>\n<\/li>\n<li>\n<h3> Solution de branche pour la s\u00e9curit\u00e9 au travail<\/h3>\n<p><a href=\"\/wp-content\/uploads\/2024\/10\/wiederkehr-recycling-standorte-waltenschwil-branchenloesung-arbeitssicherheit-gesundheitsschutz-vsmr-2024-3.pdf\"><\/a><\/p>\n<\/li>\n<li>\n<h3>Certificat Broyeur de v\u00e9hicules hors d\u2019usage<\/h3>\n<p><a href=\"\/wp-content\/uploads\/2025\/05\/2024-AS-Zertifikat-AVO-Wiederkehr.pdf\"><\/a><\/p>\n<\/li>\n<\/ul>\n<p><!--more--><br \/>\n<!-- {\"name\":\"Wiederkehr Schwarzenbach DE\",\"type\":\"layout\",\"children\":[{\"type\":\"section\",\"props\":{\"animation\":\"slide-top\",\"header_transparent\":true,\"header_transparent_text_color\":\"light\",\"height\":\"viewport\",\"height_offset_top\":true,\"image\":\"wp-content\\\/uploads\\\/2020\\\/10\\\/recycling-wiederkehr-gruppe-standort-schwarzenbach-003.jpg\",\"image_position\":\"top-left\",\"image_size\":\"cover\",\"media_overlay\":\"rgba(0, 0, 0, 0.1)\",\"style\":\"default\",\"title_breakpoint\":\"xl\",\"title_position\":\"top-left\",\"title_rotation\":\"left\",\"vertical_align\":\"middle\",\"width\":\"\"},\"children\":[{\"type\":\"row\",\"children\":[{\"type\":\"column\",\"props\":{\"css\":\"\\n\",\"image_position\":\"center-center\",\"image_size\":\"cover\",\"image_width\":\"2000\",\"position_sticky_breakpoint\":\"m\"},\"children\":[{\"type\":\"headline\",\"props\":{\"animation\":\"none\",\"content\":\"AVO WIEDERKEHR RECYCLING AG\\n<br \/>SCHWARZENBACH\",\"css\":\".el-element {line-height:1.3;}\",\"text_align\":\"center\",\"title_element\":\"h1\"}},{\"type\":\"image\",\"props\":{\"image\":\"wp-content\\\/uploads\\\/2020\\\/10\\\/Icon_Scrolldown.png\",\"image_svg_color\":\"emphasis\",\"margin\":\"default\",\"position\":\"absolute\",\"position_bottom\":\"-270\",\"text_align\":\"center\"}}]}]}]},{\"type\":\"section\",\"props\":{\"image_position\":\"center-center\",\"style\":\"default\",\"title_breakpoint\":\"xl\",\"title_position\":\"top-left\",\"title_rotation\":\"left\",\"vertical_align\":\"\",\"width\":\"xlarge\"},\"children\":[{\"type\":\"row\",\"props\":{\"width\":\"default\"},\"children\":[{\"type\":\"column\",\"props\":{\"image_position\":\"center-center\",\"position_sticky_breakpoint\":\"m\"},\"children\":[{\"type\":\"text\",\"props\":{\"class\":\"textgross\",\"column_breakpoint\":\"m\",\"content\":\"\n\n<p style=\\\"text-align: center;\\\">Nous avons repris la soci\\u00e9t\\u00e9 AVO Wiederkehr Recycling AG, situ\\u00e9e \\u00e0 Schwarzenbach, d\\u00e8s 1978 et l\\u2019avons tout de suite agrandie. Le site se trouve en Suisse orientale et b\\u00e9n\\u00e9ficie d\\u2019une excellente accessibilit\\u00e9 en mati\\u00e8re de transports. Il dispose de sa propre liaison ferroviaire qui assure une logistique p\\u00e9renne et respectueuse de l\\u2019environnement. AVO Wiederkehr Recycling AG dispose d\\u2019un broyeur ainsi que de diverses installations de tri et de s\\u00e9paration.<\\\/p>\",\"margin\":\"default\"}}]}]}]},{\"type\":\"section\",\"props\":{\"image_position\":\"center-center\",\"style\":\"default\",\"title_breakpoint\":\"xl\",\"title_position\":\"top-left\",\"title_rotation\":\"left\",\"vertical_align\":\"\",\"width\":\"default\"},\"children\":[{\"type\":\"row\",\"children\":[{\"type\":\"column\",\"props\":{\"image_position\":\"center-center\",\"position_sticky_breakpoint\":\"m\"},\"children\":[{\"type\":\"image\",\"props\":{\"image\":\"wp-content\\\/uploads\\\/2020\\\/10\\\/logo-avo-wiederkehr-recycling-schwarzenbach-4f-001.jpg\",\"image_svg_color\":\"emphasis\",\"image_width\":\"300\",\"margin\":\"default\",\"text_align\":\"center\"}}]}]}]},{\"type\":\"section\",\"props\":{\"image_position\":\"center-center\",\"padding\":\"small\",\"padding_remove_top\":false,\"style\":\"default\",\"title_breakpoint\":\"xl\",\"title_position\":\"top-left\",\"title_rotation\":\"left\",\"vertical_align\":\"\",\"width\":\"\"},\"children\":[{\"type\":\"row\",\"children\":[{\"type\":\"column\",\"props\":{\"image_position\":\"center-center\",\"position_sticky_breakpoint\":\"m\"},\"children\":[{\"type\":\"headline\",\"props\":{\"class\":\"orange\",\"content\":\"LE SITE DE RECYCLAGE <br \/>\\nEN SUISSE ORIENTALE\",\"css\":\".el-element {line-height:1.3;}\",\"text_align\":\"center\",\"title_element\":\"h2\",\"title_style\":\"heading-small\"}}]}]}]},{\"type\":\"section\",\"props\":{\"css\":\".uk-tile-muted {padding-top:50px;padding-bottom:50px;}\",\"image_position\":\"center-center\",\"padding_remove_bottom\":true,\"padding_remove_top\":true,\"style\":\"muted\",\"title_breakpoint\":\"xl\",\"title_position\":\"top-left\",\"title_rotation\":\"left\",\"vertical_align\":\"\",\"width\":\"\"},\"children\":[{\"type\":\"row\",\"children\":[{\"type\":\"column\",\"props\":{\"css\":\".el-column {padding-left:10vw;}\",\"image_position\":\"center-center\",\"position_sticky_breakpoint\":\"m\",\"style\":\"tile-muted\",\"vertical_align\":\"middle\",\"width_medium\":\"1-2\"},\"children\":[{\"type\":\"headline\",\"props\":{\"class\":\"orange\",\"content\":\"Adresse\",\"title_element\":\"h2\",\"title_style\":\"h5\"}},{\"type\":\"text\",\"props\":{\"column_breakpoint\":\"m\",\"content\":\"\n\n<p>AVO Wiederkehr Recycling AG<br \\\/>Niederstettenstrasse 14<br \\\/>CH-9536 Schwarzenbach<\\\/p>\\n\n\n<p>T\\u00e9l\\u00e9phone +41 71 929 40 70<br \\\/>Fax +41 71 929 40 71<br \\\/><a href=\\\"mailto:avo@wierec.com\\\">Contact<\\\/a><\\\/p>\",\"margin\":\"default\"}},{\"type\":\"fragment\",\"children\":[{\"type\":\"row\",\"props\":{\"layout\":\"1-2,1-2\"},\"children\":[{\"type\":\"column\",\"props\":{\"image_position\":\"center-center\",\"position_sticky_breakpoint\":\"m\",\"width_medium\":\"1-2\"},\"children\":[{\"type\":\"headline\",\"props\":{\"class\":\"orange\",\"content\":\"Horaires d'ouverture de l'acceptation\",\"title_element\":\"h2\",\"title_style\":\"h5\"}},{\"type\":\"text\",\"props\":{\"column_breakpoint\":\"m\",\"content\":\"\n\n<p><strong>Du lundi au jeudi<\\\/strong><br \\\/>7h00\\u201311h45<br \\\/>13h00\\u201316h45<\\\/p>\\n\n\n<p><strong>Vendredi<\\\/strong><br \\\/>7h00\\u201311h45<br \\\/>13h00\\u201315h45<\\\/p>\",\"margin\":\"default\"}},{\"type\":\"headline\",\"props\":{\"class\":\"orange\",\"content\":\"Horaires d'ouverture du bureau\",\"title_element\":\"h2\",\"title_style\":\"h5\"}},{\"type\":\"text\",\"props\":{\"column_breakpoint\":\"m\",\"content\":\"\n\n<p><strong>Du lundi au jeudi<\\\/strong><br \\\/>7h00\\u201312h00<br \\\/>13h00\\u201317h00<\\\/p>\\n\n\n<p><strong>Vendredi<\\\/strong><br \\\/>7h00\\u201312h00<br \\\/>13h00\\u201316h00<\\\/p>\",\"margin\":\"default\"}}]},{\"type\":\"column\",\"props\":{\"image_position\":\"center-center\",\"position_sticky_breakpoint\":\"m\",\"width_medium\":\"1-2\"}}]},{\"type\":\"row\",\"props\":{\"layout\":\"1-2,1-2\"},\"children\":[{\"type\":\"column\",\"props\":{\"image_position\":\"center-center\",\"position_sticky_breakpoint\":\"m\",\"width_medium\":\"1-2\"},\"children\":[{\"type\":\"headline\",\"props\":{\"class\":\"orange\",\"content\":\"<span class=\\\"titleyellow\\\">Ferm\\u00e9<\\\/span>\",\"title_element\":\"h2\",\"title_style\":\"h5\"}},{\"type\":\"text\",\"props\":{\"column_breakpoint\":\"m\",\"content\":\"\n\n<p>24. d\\u00e9cembre 2025 au 4. janvier 2026<br \\\/>Vacances d\\u2018entreprise<\\\/p>\",\"margin\":\"default\",\"status\":\"disabled\"}}]},{\"type\":\"column\",\"props\":{\"image_position\":\"center-center\",\"position_sticky_breakpoint\":\"m\",\"width_medium\":\"1-2\"}}]}],\"props\":{\"margin\":\"default\"}}]},{\"type\":\"column\",\"props\":{\"image_position\":\"center-center\",\"position_sticky_breakpoint\":\"m\",\"width_medium\":\"1-2\"},\"children\":[{\"type\":\"html\",\"props\":{\"content\":\"<iframe src=\\\"https:\\\/\\\/www.google.com\\\/maps\\\/embed?pb=!1m14!1m8!1m3!1d10792.884539394077!2d9.0688204!3d47.4466287!3m2!1i1024!2i768!4f13.1!3m3!1m2!1s0x0%3A0x8cd7eb3e325e6f9a!2sAVO%20Wiederkehr%20Recycling%20AG!5e0!3m2!1sde!2sch!4v1604146097334!5m2!1sde!2sch\\\" width=\\\"100%\\\" height=\\\"600\\\" frameborder=\\\"0\\\" style=\\\"border:0;\\\" allowfullscreen=\\\"\\\" aria-hidden=\\\"false\\\" tabindex=\\\"0\\\"><\\\/iframe>\"}}]}],\"props\":{\"column_gap\":\"collapse\",\"layout\":\"1-2,1-2\"}}]},{\"type\":\"section\",\"props\":{\"image_position\":\"center-center\",\"padding_remove_top\":false,\"style\":\"default\",\"title_breakpoint\":\"xl\",\"title_position\":\"top-left\",\"title_rotation\":\"left\",\"vertical_align\":\"\",\"width\":\"\"},\"children\":[{\"type\":\"row\",\"children\":[{\"type\":\"column\",\"props\":{\"image_position\":\"center-center\",\"position_sticky_breakpoint\":\"m\"},\"children\":[{\"type\":\"headline\",\"props\":{\"class\":\"orange\",\"content\":\"NOUS SOMMES \\u00c0 VOTRE DISPOSITION POUR DES CONSEILS PERSONNALIS\\u00c9S\",\"text_align\":\"center\",\"title_element\":\"h2\",\"title_style\":\"heading-small\"}}]}]},{\"type\":\"row\",\"props\":{\"margin_remove_bottom\":true,\"margin_remove_top\":false,\"padding_remove_horizontal\":false,\"width\":\"xlarge\"},\"children\":[{\"type\":\"column\",\"props\":{\"image_position\":\"center-center\",\"position_sticky_breakpoint\":\"m\"},\"children\":[{\"type\":\"grid\",\"props\":{\"content_column_breakpoint\":\"m\",\"content_margin\":\"remove\",\"css\":\".el-element{text-align:center;}\\n.el-title {color:black; text-transform:uppercase;font-size:18px;font-weight:700!important;}\",\"filter_align\":\"left\",\"filter_all\":true,\"filter_grid_breakpoint\":\"m\",\"filter_grid_width\":\"auto\",\"filter_position\":\"top\",\"filter_style\":\"tab\",\"grid_column_align\":true,\"grid_column_gap\":\"small\",\"grid_default\":\"1\",\"grid_medium\":\"3\",\"grid_row_align\":true,\"grid_row_gap\":\"collapse\",\"grid_small\":\"2\",\"icon_width\":80,\"image_align\":\"top\",\"image_border\":\"circle\",\"image_grid_breakpoint\":\"m\",\"image_grid_width\":\"1-2\",\"image_height\":\"250\",\"image_link\":true,\"image_svg_color\":\"emphasis\",\"image_transition\":\"scale-up\",\"image_width\":\"250\",\"item_animation\":true,\"lightbox_bg_close\":true,\"link_style\":\"default\",\"link_text\":\"\",\"margin\":\"small\",\"margin_remove_bottom\":true,\"meta_align\":\"below-title\",\"meta_element\":\"div\",\"meta_style\":\"text-meta\",\"panel_link\":true,\"parallax_easing\":\"1\",\"show_content\":true,\"show_hover_image\":true,\"show_hover_video\":true,\"show_image\":true,\"show_link\":true,\"show_meta\":false,\"show_title\":true,\"show_video\":true,\"text_align\":\"center\",\"title_align\":\"top\",\"title_element\":\"h3\",\"title_font_family\":\"default\",\"title_grid_breakpoint\":\"m\",\"title_grid_width\":\"1-2\",\"title_hover_style\":\"reset\",\"title_margin\":\"medium\"},\"children\":[{\"type\":\"grid_item\",\"props\":{\"content\":\"\n\n<p>Directeur du site ad interim<br \\\/>T\\u00e9l\\u00e9phone +41 56 618 36 07<br \\\/><a href=\\\"mailto:philippe.scherer@wierec.com\\\">Contact<\\\/a><\\\/p>\\n\n\n<p><\\\/p>\",\"image\":\"wp-content\\\/uploads\\\/2024\\\/10\\\/philippe-scherer_wiederkehr_gruppe_high-scaled.jpg\",\"link\":\"mailto:philippe.scherer@wierec.com\",\"title\":\"Philippe Scherer\"}},{\"type\":\"grid_item\",\"props\":{\"content\":\"\n\n<p>Responsable du site<br \\\/>T\\u00e9l\\u00e9phone +41 71 929 40 78<br \\\/><a href=\\\"mailto:male.istrefaj@wierec.com\\\">Contact<\\\/a><\\\/p>\\n\n\n<p><\\\/p>\",\"image\":\"wp-content\\\/uploads\\\/2021\\\/11\\\/istrefaj_male_wiederkehr_gruppe.jpg\",\"link\":\"mailto:male.istrefaj@wierec.com\",\"title\":\"Male Istrefaj\"}},{\"type\":\"grid_item\",\"props\":{\"content\":\"\n\n<p>Responsable commercial<br \\\/>+41 79 105 84 91<br \\\/><a href=\\\"mailto:markus.rhyner@wierec.com\\\">Contact<\\\/a><\\\/p>\\n\n\n<p><\\\/p>\",\"image\":\"wp-content\\\/uploads\\\/2021\\\/04\\\/markus_rhyner_wiederkehr_gruppe-1.jpg\",\"image_alt\":\"markus_rhyner_wiederkehr_gruppe-1\",\"title\":\"Markus Rhyner\"}},{\"type\":\"grid_item\",\"props\":{\"content\":\"\n\n<p>Responsable logistique<br \\\/>T\\u00e9l\\u00e9phone <a href=\\\"tel: 0041 71 278 26 46\\\" title=\\\"Telefonnummer\\\">+41 71 278 26 46<\\\/a><br \\\/><a href=\\\"mailto:michael.anderes@thommen.ch\\\">Contact<\\\/a><\\\/p>\\n\n\n<p><\\\/p>\",\"image\":\"wp-content\\\/uploads\\\/2025\\\/12\\\/mic_anderes_wiederkehr_gruppe.jpg\",\"image_alt\":\"platzhalter_mann_wiederkehr_gruppe\",\"link\":\"mailto:michael.anderes@thommen.ch\",\"title\":\"Mic Anderes\"}}],\"modified\":\"2020-10-30T14:26:49.812Z\",\"name\":\"Handel Personen\"}]}]},{\"type\":\"row\",\"props\":{\"column_gap\":\"small\",\"margin_remove_top\":true},\"children\":[{\"type\":\"column\",\"props\":{\"image_position\":\"center-center\",\"position_sticky_breakpoint\":\"m\"},\"children\":[{\"type\":\"button\",\"props\":{\"animation\":\"slide-left-small\",\"block_align\":\"center\",\"button_size\":\"large\",\"class\":\"buttongelb\",\"css\":\".el-content{background-color:#F07D00;font-family:Barlow; font-size:18px;}\\n.el-content:hover {background-color:transparent;border-color:#F07D00;color:#F07D00;}\",\"grid_column_gap\":\"small\",\"grid_row_gap\":\"small\",\"margin\":\"small\",\"text_align\":\"center\"},\"children\":[{\"type\":\"button_item\",\"props\":{\"button_style\":\"primary\",\"content\":\"NOUS ACHETONS ET VENDONS CES MAT\\u00c9RIAUX RECYCLABLES\",\"dialog_layout\":\"modal\",\"dialog_offcanvas_flip\":true,\"icon\":\"arrow-right\",\"icon_align\":\"right\",\"link\":\"materiaux-recyclable-schwarzenbach\\\/?lang=fr\"}}]}]}]}]},{\"type\":\"section\",\"props\":{\"class\":\"sektionorange\",\"image_position\":\"center-center\",\"style\":\"primary\",\"title_breakpoint\":\"xl\",\"title_position\":\"top-left\",\"title_rotation\":\"left\",\"vertical_align\":\"\",\"width\":\"default\"},\"children\":[{\"type\":\"row\",\"children\":[{\"type\":\"column\",\"props\":{\"image_position\":\"center-center\",\"position_sticky_breakpoint\":\"m\"},\"children\":[{\"type\":\"headline\",\"props\":{\"content\":\"NOS ARGUMENTS POUR VOUS CONVAINCRE\",\"text_align\":\"center\",\"title_element\":\"h2\",\"title_style\":\"heading-small\"}}]}]},{\"type\":\"row\",\"children\":[{\"type\":\"column\",\"props\":{\"image_position\":\"center-center\",\"position_sticky_breakpoint\":\"m\",\"style\":\"tile-default\"},\"children\":[{\"type\":\"grid\",\"props\":{\"content_column_breakpoint\":\"m\",\"css\":\".el-element {color:black;}\\n.el-title {color:black; font-size:25px;}\\n\\n@media screen and (max-width: 900px) {\\n\\n    .el-image {width:20px;vertical-align: middle;}\\n    .el-title {font-size:12px;vertical-align: middle;}\\n    \\n\\n}\",\"filter_align\":\"left\",\"filter_all\":true,\"filter_grid_breakpoint\":\"m\",\"filter_grid_width\":\"auto\",\"filter_position\":\"top\",\"filter_style\":\"tab\",\"grid_column_align\":false,\"grid_column_gap\":\"small\",\"grid_default\":\"1\",\"grid_medium\":\"2\",\"grid_row_align\":false,\"icon_width\":\"30\",\"image_align\":\"left\",\"image_grid_breakpoint\":\"\",\"image_grid_column_gap\":\"small\",\"image_grid_row_gap\":\"collapse\",\"image_grid_width\":\"auto\",\"image_svg_animate\":true,\"image_svg_color\":\"\",\"image_svg_inline\":true,\"item_animation\":true,\"lightbox_bg_close\":true,\"link_style\":\"default\",\"link_text\":\"Read more\",\"margin\":\"default\",\"meta_align\":\"below-title\",\"meta_element\":\"div\",\"meta_style\":\"text-meta\",\"parallax_easing\":\"1\",\"show_content\":true,\"show_hover_image\":true,\"show_hover_video\":true,\"show_image\":true,\"show_link\":true,\"show_meta\":true,\"show_title\":true,\"show_video\":true,\"title_align\":\"top\",\"title_element\":\"h3\",\"title_grid_breakpoint\":\"m\",\"title_grid_width\":\"1-2\",\"title_hover_style\":\"reset\"},\"children\":[{\"type\":\"grid_item\",\"props\":{\"icon\":\"plus-circle\",\"image\":\"\",\"title\":\"Des concepts globaux innovants\"}},{\"type\":\"grid_item\",\"props\":{\"icon\":\"plus-circle\",\"image\":\"\",\"title\":\"Le seul broyeur de Suisse orientale\"}},{\"type\":\"grid_item\",\"props\":{\"icon\":\"plus-circle\",\"image\":\"\",\"title\":\"Excellente logistique avec camions et liaison ferroviaire\"}}]}]}],\"props\":{\"width\":\"xlarge\"}},{\"type\":\"row\",\"children\":[{\"type\":\"column\",\"props\":{\"image_position\":\"center-center\",\"position_sticky_breakpoint\":\"m\"},\"children\":[{\"type\":\"headline\",\"props\":{\"content\":\"T\\u00c9L\\u00c9CHARGEMENTS, AVO WIEDERKEHR RECYCLING AG\",\"text_align\":\"center\",\"title_element\":\"h2\",\"title_style\":\"heading-small\"}}]}],\"props\":{\"margin\":\"xlarge\",\"margin_remove_bottom\":true}},{\"type\":\"row\",\"children\":[{\"type\":\"column\",\"props\":{\"image_position\":\"center-center\",\"position_sticky_breakpoint\":\"m\",\"style\":\"tile-default\"},\"children\":[{\"type\":\"grid\",\"props\":{\"content_column_breakpoint\":\"m\",\"css\":\".el-element {color:black;}\\n.el-title {color:black; font-size:25px;}\\n\\n@media screen and (max-width: 900px) {\\n\\n    .el-image {width:20px;vertical-align: middle;}\\n    .el-title {font-size:12px;vertical-align: middle;}\\n    \\n\\n}\",\"filter_align\":\"left\",\"filter_all\":true,\"filter_grid_breakpoint\":\"m\",\"filter_grid_width\":\"auto\",\"filter_position\":\"top\",\"filter_style\":\"tab\",\"grid_column_align\":false,\"grid_column_gap\":\"small\",\"grid_default\":\"1\",\"grid_medium\":\"2\",\"grid_row_align\":false,\"icon_width\":\"30\",\"image_align\":\"left\",\"image_grid_breakpoint\":\"\",\"image_grid_column_gap\":\"small\",\"image_grid_row_gap\":\"collapse\",\"image_grid_width\":\"auto\",\"image_svg_animate\":true,\"image_svg_color\":\"\",\"image_svg_inline\":true,\"item_animation\":true,\"lightbox_bg_close\":true,\"link_style\":\"default\",\"link_target\":true,\"link_text\":\"\",\"margin\":\"default\",\"meta_align\":\"below-title\",\"meta_element\":\"div\",\"meta_style\":\"text-meta\",\"parallax_easing\":\"1\",\"show_content\":true,\"show_hover_image\":true,\"show_hover_video\":true,\"show_image\":true,\"show_link\":true,\"show_meta\":true,\"show_title\":true,\"show_video\":true,\"title_align\":\"top\",\"title_element\":\"h3\",\"title_grid_breakpoint\":\"m\",\"title_grid_width\":\"1-2\",\"title_hover_style\":\"reset\",\"title_link\":true},\"children\":[{\"type\":\"grid_item\",\"props\":{\"icon\":\"file-pdf\",\"image\":\"\",\"link\":\"wp-content\\\/uploads\\\/2025\\\/05\\\/wiederkehr-recycling-standorte-schwarzenbach-avo-AGB-2019-FR.pdf\",\"title\":\"Conditions g\\u00e9n\\u00e9rales (CG)\"}},{\"type\":\"grid_item\",\"props\":{\"icon\":\"file-pdf\",\"image\":\"\",\"link\":\"wp-content\\\/uploads\\\/2025\\\/05\\\/wiederkehr-recycling-standorte-schwarzenbach-avo-info-reprise-de-metaux-ferreux-non-ferreux-FR.pdf\",\"title\":\"Informations: reprise des mat\\u00e9riaux ferreux (FE) et non ferreux (NF)\"}},{\"type\":\"grid_item\",\"props\":{\"icon\":\"file-pdf\",\"image\":\"\",\"link\":\"wp-content\\\/uploads\\\/2025\\\/05\\\/wiederkehr-recycling-standorte-schwarzenbach-avo-info-reprise-de-vehicules-hors-d-usage-FR.pdf\",\"title\":\"Informations: reprise de v\\u00e9hicules hors d\\u2019usage\"}},{\"type\":\"grid_item\",\"props\":{\"icon\":\"file-pdf\",\"image\":\"\",\"link\":\"wp-content\\\/uploads\\\/2020\\\/11\\\/wiederkehr-recycling-standorte-schwarzenbach-avo-info-sur-les-batteries-contenant-du-lithium-FR.pdf\",\"title\":\"Informations: batteries contenant du lithium\"}},{\"type\":\"grid_item\",\"props\":{\"icon\":\"file-pdf\",\"image\":\"\",\"link\":\"wp-content\\\/uploads\\\/2025\\\/05\\\/wiederkehr-recycling-standorte-schwarzenbach-avo-info-reprise-des-dechets-electroniques-pour-les-particuliers-FR.pdf\",\"title\":\"Informations: reprise d\\u2019appareils \\u00e9lectriques (SWICO)\"}}]}]}],\"props\":{\"width\":\"xlarge\"}},{\"type\":\"row\",\"children\":[{\"type\":\"column\",\"props\":{\"image_position\":\"center-center\",\"position_sticky_breakpoint\":\"m\"},\"children\":[{\"type\":\"headline\",\"props\":{\"content\":\"NORMES DE QUALIT\\u00c9\",\"text_align\":\"center\",\"title_element\":\"h2\",\"title_style\":\"heading-small\"}}]}],\"props\":{\"id\":\"normesdequalite\",\"margin\":\"xlarge\",\"margin_remove_bottom\":true}},{\"type\":\"row\",\"children\":[{\"type\":\"column\",\"props\":{\"image_position\":\"center-center\",\"position_sticky_breakpoint\":\"m\",\"style\":\"tile-default\"},\"children\":[{\"type\":\"grid\",\"props\":{\"content_column_breakpoint\":\"m\",\"css\":\".el-element {color:black;}\\n.el-title {color:black; font-size:25px;}\\n\\n@media screen and (max-width: 900px) {\\n\\n    .el-image {width:20px;vertical-align: middle;}\\n    .el-title {font-size:12px;vertical-align: middle;}\\n    \\n\\n}\",\"filter_align\":\"left\",\"filter_all\":true,\"filter_grid_breakpoint\":\"m\",\"filter_grid_width\":\"auto\",\"filter_position\":\"top\",\"filter_style\":\"tab\",\"grid_column_align\":false,\"grid_column_gap\":\"small\",\"grid_default\":\"1\",\"grid_medium\":\"2\",\"grid_row_align\":false,\"icon_width\":\"30\",\"image_align\":\"left\",\"image_grid_breakpoint\":\"\",\"image_grid_column_gap\":\"small\",\"image_grid_row_gap\":\"collapse\",\"image_grid_width\":\"auto\",\"image_svg_animate\":true,\"image_svg_color\":\"\",\"image_svg_inline\":true,\"item_animation\":true,\"lightbox_bg_close\":true,\"link_style\":\"default\",\"link_target\":true,\"link_text\":\"\",\"margin\":\"default\",\"meta_align\":\"below-title\",\"meta_element\":\"div\",\"meta_style\":\"text-meta\",\"parallax_easing\":\"1\",\"show_content\":true,\"show_hover_image\":true,\"show_hover_video\":true,\"show_image\":true,\"show_link\":true,\"show_meta\":true,\"show_title\":true,\"show_video\":true,\"title_align\":\"top\",\"title_element\":\"h3\",\"title_grid_breakpoint\":\"m\",\"title_grid_width\":\"1-2\",\"title_hover_style\":\"reset\",\"title_link\":true},\"children\":[{\"type\":\"grid_item\",\"props\":{\"icon\":\"file-pdf\",\"image\":\"\",\"link\":\"wp-content\\\/uploads\\\/2023\\\/10\\\/wiederkehr-recycling-standorte-schwarzenbach-avo-betriebsbewilligung-veva.pdf\",\"title\":\"Autorisation de contribution loi d\\u00e9chets\"}},{\"type\":\"grid_item\",\"props\":{\"icon\":\"file-pdf\",\"image\":\"\",\"link\":\"wp-content\\\/uploads\\\/2022\\\/11\\\/wiederkehr-recycling-standorte-waltenschwil-schwarzenbach-avo-zertifikat-DIN-EN-ISO-9001-2022.pdf\",\"title\":\"Certificat ISO 9001\"}},{\"type\":\"grid_item\",\"props\":{\"icon\":\"file-pdf\",\"image\":\"\",\"link\":\"wp-content\\\/uploads\\\/2022\\\/11\\\/wiederkehr-recycling-standorte-waltenschwil-schwarzenbach-avo-zertifikat-DIN-EN-ISO-14001-2022.pdf\",\"title\":\"Certificat ISO 14001\"}},{\"type\":\"grid_item\",\"props\":{\"icon\":\"file-pdf\",\"image\":\"\",\"link\":\"wp-content\\\/uploads\\\/2024\\\/02\\\/Wiederkehr_Recycling_Zertifikat_Mitglied_VSMR_AVO-2024.pdf\",\"title\":\"Adh\\u00e9sion VSMR\"}},{\"type\":\"grid_item\",\"props\":{\"icon\":\"file-pdf\",\"image\":\"\",\"link\":\"wp-content\\\/uploads\\\/2024\\\/01\\\/Wiederkehr_Recycling_Lizenz-Sens_Schwarzenbach-2024_F.pdf\",\"status\":\"disabled\",\"title\":\"Licence SENS\"}},{\"type\":\"grid_item\",\"props\":{\"icon\":\"file-pdf\",\"image\":\"\",\"link\":\"wp-content\\\/uploads\\\/2024\\\/10\\\/wiederkehr-recycling-standorte-waltenschwil-branchenloesung-arbeitssicherheit-gesundheitsschutz-vsmr-2024-3.pdf\",\"title\":\" Solution de branche pour la s\\u00e9curit\\u00e9 au travail\"}},{\"type\":\"grid_item\",\"props\":{\"icon\":\"file-pdf\",\"image\":\"\",\"link\":\"wp-content\\\/uploads\\\/2025\\\/05\\\/2024-AS-Zertifikat-AVO-Wiederkehr.pdf\",\"title\":\"Certificat Broyeur de v\\u00e9hicules hors d\\u2019usage\"}}]}]}],\"props\":{\"width\":\"xlarge\"}}]}],\"version\":\"4.5.16\"} --><\/p>\n","protected":false},"excerpt":{"rendered":"<p>AVO WIEDERKEHR RECYCLING AG SCHWARZENBACH Nous avons repris la soci\u00e9t\u00e9 AVO Wiederkehr Recycling AG, situ\u00e9e \u00e0 Schwarzenbach, d\u00e8s 1978 et l\u2019avons tout de suite agrandie. Le site se trouve en Suisse orientale et b\u00e9n\u00e9ficie d\u2019une excellente accessibilit\u00e9 en mati\u00e8re de transports. Il dispose de sa propre liaison ferroviaire qui assure une logistique p\u00e9renne et respectueuse [&hellip;]<\/p>\n","protected":false},"author":1,"featured_media":0,"parent":0,"menu_order":0,"comment_status":"closed","ping_status":"closed","template":"","meta":{"inline_featured_image":false,"footnotes":""},"class_list":["post-4972","page","type-page","status-publish","hentry"],"yoast_head":"<!-- This site is optimized with the Yoast SEO Premium plugin v24.3 (Yoast SEO v27.4) - https:\/\/yoast.com\/product\/yoast-seo-premium-wordpress\/ -->\n<title>Schwarzenbach, Suisse | AVO Wiederkehr Recycling AG<\/title>\n<meta name=\"description\" content=\"AVO Wiederkehr Recycling \u00e0 Saint-Gall. Nous utilisons ici le seul broyeur de Suisse orientale. Le site b\u00e9n\u00e9ficie d\u2019un emplacement central et de sa propre liaison ferroviaire.\" \/>\n<meta name=\"robots\" content=\"index, follow, max-snippet:-1, max-image-preview:large, max-video-preview:-1\" \/>\n<link rel=\"canonical\" href=\"https:\/\/www.wierec.com\/fr\/avo-wiederkehr-recycling-ag-schwarzenbach\/\" \/>\n<meta property=\"og:locale\" content=\"fr_FR\" \/>\n<meta property=\"og:type\" content=\"article\" \/>\n<meta property=\"og:title\" content=\"avo wiederkehr recycling ag schwarzenbach\" \/>\n<meta property=\"og:description\" content=\"AVO Wiederkehr Recycling \u00e0 Saint-Gall. Nous utilisons ici le seul broyeur de Suisse orientale. Le site b\u00e9n\u00e9ficie d\u2019un emplacement central et de sa propre liaison ferroviaire.\" \/>\n<meta property=\"og:url\" content=\"https:\/\/www.wierec.com\/fr\/avo-wiederkehr-recycling-ag-schwarzenbach\/\" \/>\n<meta property=\"og:site_name\" content=\"Wiederkehr Recycling\" \/>\n<meta property=\"article:modified_time\" content=\"2026-01-05T07:32:06+00:00\" \/>\n<meta name=\"twitter:card\" content=\"summary_large_image\" \/>\n<meta name=\"twitter:label1\" content=\"Dur\u00e9e de lecture estim\u00e9e\" \/>\n\t<meta name=\"twitter:data1\" content=\"1 minute\" \/>\n<script type=\"application\/ld+json\" class=\"yoast-schema-graph\">{\"@context\":\"https:\\\/\\\/schema.org\",\"@graph\":[{\"@type\":\"WebPage\",\"@id\":\"https:\\\/\\\/www.wierec.com\\\/fr\\\/avo-wiederkehr-recycling-ag-schwarzenbach\\\/\",\"url\":\"https:\\\/\\\/www.wierec.com\\\/fr\\\/avo-wiederkehr-recycling-ag-schwarzenbach\\\/\",\"name\":\"Schwarzenbach, Suisse | AVO Wiederkehr Recycling AG\",\"isPartOf\":{\"@id\":\"https:\\\/\\\/www.wierec.com\\\/fr\\\/#website\"},\"datePublished\":\"2020-11-16T14:46:49+00:00\",\"dateModified\":\"2026-01-05T07:32:06+00:00\",\"description\":\"AVO Wiederkehr Recycling \u00e0 Saint-Gall. Nous utilisons ici le seul broyeur de Suisse orientale. Le site b\u00e9n\u00e9ficie d\u2019un emplacement central et de sa propre liaison ferroviaire.\",\"breadcrumb\":{\"@id\":\"https:\\\/\\\/www.wierec.com\\\/fr\\\/avo-wiederkehr-recycling-ag-schwarzenbach\\\/#breadcrumb\"},\"inLanguage\":\"fr-FR\",\"potentialAction\":[{\"@type\":\"ReadAction\",\"target\":[\"https:\\\/\\\/www.wierec.com\\\/fr\\\/avo-wiederkehr-recycling-ag-schwarzenbach\\\/\"]}]},{\"@type\":\"BreadcrumbList\",\"@id\":\"https:\\\/\\\/www.wierec.com\\\/fr\\\/avo-wiederkehr-recycling-ag-schwarzenbach\\\/#breadcrumb\",\"itemListElement\":[{\"@type\":\"ListItem\",\"position\":1,\"name\":\"Home\",\"item\":\"https:\\\/\\\/www.wierec.com\\\/fr\\\/\"},{\"@type\":\"ListItem\",\"position\":2,\"name\":\"avo wiederkehr recycling ag schwarzenbach\"}]},{\"@type\":\"WebSite\",\"@id\":\"https:\\\/\\\/www.wierec.com\\\/fr\\\/#website\",\"url\":\"https:\\\/\\\/www.wierec.com\\\/fr\\\/\",\"name\":\"Wiederkehr Recycling\",\"description\":\"Die Wiederkehr der Rohstoffe\",\"publisher\":{\"@id\":\"https:\\\/\\\/www.wierec.com\\\/fr\\\/#organization\"},\"potentialAction\":[{\"@type\":\"SearchAction\",\"target\":{\"@type\":\"EntryPoint\",\"urlTemplate\":\"https:\\\/\\\/www.wierec.com\\\/fr\\\/?s={search_term_string}\"},\"query-input\":{\"@type\":\"PropertyValueSpecification\",\"valueRequired\":true,\"valueName\":\"search_term_string\"}}],\"inLanguage\":\"fr-FR\"},{\"@type\":\"Organization\",\"@id\":\"https:\\\/\\\/www.wierec.com\\\/fr\\\/#organization\",\"name\":\"Wiederkehr Recycling AG\",\"url\":\"https:\\\/\\\/www.wierec.com\\\/fr\\\/\",\"logo\":{\"@type\":\"ImageObject\",\"inLanguage\":\"fr-FR\",\"@id\":\"https:\\\/\\\/www.wierec.com\\\/fr\\\/#\\\/schema\\\/logo\\\/image\\\/\",\"url\":\"https:\\\/\\\/www.wierec.com\\\/wp-content\\\/uploads\\\/2020\\\/11\\\/logo-wiederkehr-gruppe-4f-quer-001.png\",\"contentUrl\":\"https:\\\/\\\/www.wierec.com\\\/wp-content\\\/uploads\\\/2020\\\/11\\\/logo-wiederkehr-gruppe-4f-quer-001.png\",\"width\":1500,\"height\":367,\"caption\":\"Wiederkehr Recycling AG\"},\"image\":{\"@id\":\"https:\\\/\\\/www.wierec.com\\\/fr\\\/#\\\/schema\\\/logo\\\/image\\\/\"}}]}<\/script>\n<!-- \/ Yoast SEO Premium plugin. -->","yoast_head_json":{"title":"Schwarzenbach, Suisse | AVO Wiederkehr Recycling AG","description":"AVO Wiederkehr Recycling \u00e0 Saint-Gall. Nous utilisons ici le seul broyeur de Suisse orientale. Le site b\u00e9n\u00e9ficie d\u2019un emplacement central et de sa propre liaison ferroviaire.","robots":{"index":"index","follow":"follow","max-snippet":"max-snippet:-1","max-image-preview":"max-image-preview:large","max-video-preview":"max-video-preview:-1"},"canonical":"https:\/\/www.wierec.com\/fr\/avo-wiederkehr-recycling-ag-schwarzenbach\/","og_locale":"fr_FR","og_type":"article","og_title":"avo wiederkehr recycling ag schwarzenbach","og_description":"AVO Wiederkehr Recycling \u00e0 Saint-Gall. Nous utilisons ici le seul broyeur de Suisse orientale. Le site b\u00e9n\u00e9ficie d\u2019un emplacement central et de sa propre liaison ferroviaire.","og_url":"https:\/\/www.wierec.com\/fr\/avo-wiederkehr-recycling-ag-schwarzenbach\/","og_site_name":"Wiederkehr Recycling","article_modified_time":"2026-01-05T07:32:06+00:00","twitter_card":"summary_large_image","twitter_misc":{"Dur\u00e9e de lecture estim\u00e9e":"1 minute"},"schema":{"@context":"https:\/\/schema.org","@graph":[{"@type":"WebPage","@id":"https:\/\/www.wierec.com\/fr\/avo-wiederkehr-recycling-ag-schwarzenbach\/","url":"https:\/\/www.wierec.com\/fr\/avo-wiederkehr-recycling-ag-schwarzenbach\/","name":"Schwarzenbach, Suisse | AVO Wiederkehr Recycling AG","isPartOf":{"@id":"https:\/\/www.wierec.com\/fr\/#website"},"datePublished":"2020-11-16T14:46:49+00:00","dateModified":"2026-01-05T07:32:06+00:00","description":"AVO Wiederkehr Recycling \u00e0 Saint-Gall. Nous utilisons ici le seul broyeur de Suisse orientale. Le site b\u00e9n\u00e9ficie d\u2019un emplacement central et de sa propre liaison ferroviaire.","breadcrumb":{"@id":"https:\/\/www.wierec.com\/fr\/avo-wiederkehr-recycling-ag-schwarzenbach\/#breadcrumb"},"inLanguage":"fr-FR","potentialAction":[{"@type":"ReadAction","target":["https:\/\/www.wierec.com\/fr\/avo-wiederkehr-recycling-ag-schwarzenbach\/"]}]},{"@type":"BreadcrumbList","@id":"https:\/\/www.wierec.com\/fr\/avo-wiederkehr-recycling-ag-schwarzenbach\/#breadcrumb","itemListElement":[{"@type":"ListItem","position":1,"name":"Home","item":"https:\/\/www.wierec.com\/fr\/"},{"@type":"ListItem","position":2,"name":"avo wiederkehr recycling ag schwarzenbach"}]},{"@type":"WebSite","@id":"https:\/\/www.wierec.com\/fr\/#website","url":"https:\/\/www.wierec.com\/fr\/","name":"Wiederkehr Recycling","description":"Die Wiederkehr der Rohstoffe","publisher":{"@id":"https:\/\/www.wierec.com\/fr\/#organization"},"potentialAction":[{"@type":"SearchAction","target":{"@type":"EntryPoint","urlTemplate":"https:\/\/www.wierec.com\/fr\/?s={search_term_string}"},"query-input":{"@type":"PropertyValueSpecification","valueRequired":true,"valueName":"search_term_string"}}],"inLanguage":"fr-FR"},{"@type":"Organization","@id":"https:\/\/www.wierec.com\/fr\/#organization","name":"Wiederkehr Recycling AG","url":"https:\/\/www.wierec.com\/fr\/","logo":{"@type":"ImageObject","inLanguage":"fr-FR","@id":"https:\/\/www.wierec.com\/fr\/#\/schema\/logo\/image\/","url":"https:\/\/www.wierec.com\/wp-content\/uploads\/2020\/11\/logo-wiederkehr-gruppe-4f-quer-001.png","contentUrl":"https:\/\/www.wierec.com\/wp-content\/uploads\/2020\/11\/logo-wiederkehr-gruppe-4f-quer-001.png","width":1500,"height":367,"caption":"Wiederkehr Recycling AG"},"image":{"@id":"https:\/\/www.wierec.com\/fr\/#\/schema\/logo\/image\/"}}]}},"_links":{"self":[{"href":"https:\/\/www.wierec.com\/fr\/wp-json\/wp\/v2\/pages\/4972","targetHints":{"allow":["GET"]}}],"collection":[{"href":"https:\/\/www.wierec.com\/fr\/wp-json\/wp\/v2\/pages"}],"about":[{"href":"https:\/\/www.wierec.com\/fr\/wp-json\/wp\/v2\/types\/page"}],"author":[{"embeddable":true,"href":"https:\/\/www.wierec.com\/fr\/wp-json\/wp\/v2\/users\/1"}],"replies":[{"embeddable":true,"href":"https:\/\/www.wierec.com\/fr\/wp-json\/wp\/v2\/comments?post=4972"}],"version-history":[{"count":139,"href":"https:\/\/www.wierec.com\/fr\/wp-json\/wp\/v2\/pages\/4972\/revisions"}],"predecessor-version":[{"id":22522,"href":"https:\/\/www.wierec.com\/fr\/wp-json\/wp\/v2\/pages\/4972\/revisions\/22522"}],"wp:attachment":[{"href":"https:\/\/www.wierec.com\/fr\/wp-json\/wp\/v2\/media?parent=4972"}],"curies":[{"name":"wp","href":"https:\/\/api.w.org\/{rel}","templated":true}]}}