{"id":5780,"date":"2020-11-18T18:47:01","date_gmt":"2020-11-18T18:47:01","guid":{"rendered":"https:\/\/www.wierec.com\/?page_id=5780"},"modified":"2023-03-09T12:20:21","modified_gmt":"2023-03-09T12:20:21","slug":"fers-darmature","status":"publish","type":"page","link":"https:\/\/www.wierec.com\/fr\/fers-darmature\/","title":{"rendered":"Fers d\u2019armature"},"content":{"rendered":"<h1>FERS D\u2019ARMATURE<\/h1>\n<p><img decoding=\"async\" src=\"\/wp-content\/uploads\/2023\/03\/Wiederkehr-Recycling-Armierungseisen_Baustahl.png\" alt=\"Wiederkehr-Recycling-Armierungseisen_Baustahl.png\"><\/p>\n<h2>\n<p><strong>Que sont les fers d\u2019armature?<\/strong><\/p>\n<\/h2>\n<div>\n<p>L\u2019acier d\u2019armature, \u00e9galement appel\u00e9 acier \u00e0 b\u00e9ton, est utilis\u00e9 comme composant dans le b\u00e9ton arm\u00e9. L\u2019une des principales propri\u00e9t\u00e9s de l\u2019acier d\u2019armature est sa capacit\u00e9 optimale d\u2019association avec le b\u00e9ton. Il existe plusieurs classifications, types et prescriptions DIN en fonction du pays et du domaine d\u2019utilisation. L\u2019\u00e9lasticit\u00e9, la r\u00e9sistance \u00e0 la traction, mais aussi les cat\u00e9gories de s\u00e9ismes sont des facteurs d\u00e9cisifs pour l\u2019utilisation de ce mat\u00e9riau.<\/p>\n<\/div>\n<h2>\n<p><strong>O\u00f9 trouve-t-on les fers d\u2019armature?<\/strong><\/p>\n<\/h2>\n<div>\n<p>Le b\u00e9ton est le mat\u00e9riau le plus souvent produit dans le monde. Pour la construction de b\u00e2timents, de structures porteuses ou autres, il doit \u00eatre stabilis\u00e9, et ce \u00e0 l\u2019aide de fers d\u2019armature. Les fissures de retrait et les tensions sont r\u00e9duites, les b\u00e2timents sont s\u00e9curis\u00e9s contre les s\u00e9ismes, les ponts sont renforc\u00e9s. Les fers d\u2019armature sont mont\u00e9s dans un coffrage, individuellement ou sous forme de grille, avant d\u2019\u00eatre coul\u00e9s dans le b\u00e9ton.<\/p>\n<\/div>\n<h2>\n<p><strong>Recyclage de fers d\u2019armature<\/strong><strong>\u00a0<\/strong><\/p>\n<\/h2>\n<div>\n<p>Comme la quantit\u00e9 de d\u00e9chets d\u2019acier est relativement \u00e9lev\u00e9e de nos jours, l\u2019industrie n\u2019utilise presque plus que des mat\u00e9riaux recycl\u00e9s. Les d\u00e9chets de construction min\u00e9raux doivent d\u2019abord \u00eatre s\u00e9par\u00e9s. Le b\u00e9ton, compos\u00e9 de gravier ou de pierres naturelles, est broy\u00e9 et recycl\u00e9 \u00e0 part. Les fers d\u2019armature sont filtr\u00e9s \u00e0 l\u2019aide d\u2019un aimant, d\u00e9chiquet\u00e9s \u00e0 l\u2019aide d\u2019une cisaille \u00e0 ferraille, nettoy\u00e9s puis transform\u00e9s en mati\u00e8re brute \u00e0 traiter. L\u2019acier est totalement recyclable et peut parfaitement \u00eatre r\u00e9introduit dans le processus industriel.<\/p>\n<\/div>\n<h2>\n<p class=\"WierecHeadline\"><span lang=\"FR-CH\">\u00c9LABORER UNE OFFRE POUR LA VENTE DE MAT\u00c9RIEL<\/span><\/p>\n<\/h2>\n<div>\n\n<div class=\"wpcf7 no-js\" id=\"wpcf7-f5527-o1\" lang=\"fr-FR\" dir=\"ltr\" data-wpcf7-id=\"5527\">\n<div class=\"screen-reader-response\"><p role=\"status\" aria-live=\"polite\" aria-atomic=\"true\"><\/p> <ul><\/ul><\/div>\n<form action=\"\/fr\/wp-json\/wp\/v2\/pages\/5780#wpcf7-f5527-o1\" method=\"post\" class=\"wpcf7-form init\" aria-label=\"Formulaire de contact\" novalidate=\"novalidate\" data-status=\"init\">\n<fieldset class=\"hidden-fields-container\"><input type=\"hidden\" name=\"_wpcf7\" value=\"5527\" \/><input type=\"hidden\" name=\"_wpcf7_version\" value=\"6.1.5\" \/><input type=\"hidden\" name=\"_wpcf7_locale\" value=\"fr_FR\" \/><input type=\"hidden\" name=\"_wpcf7_unit_tag\" value=\"wpcf7-f5527-o1\" \/><input type=\"hidden\" name=\"_wpcf7_container_post\" value=\"0\" \/><input type=\"hidden\" name=\"_wpcf7_posted_data_hash\" value=\"\" \/><input type=\"hidden\" name=\"_wpcf7_recaptcha_response\" value=\"\" \/>\n<\/fieldset>\n<p><label> Nom*<br \/>\n<span class=\"wpcf7-form-control-wrap\" data-name=\"your-name\"><input size=\"40\" maxlength=\"400\" class=\"wpcf7-form-control wpcf7-text wpcf7-validates-as-required\" aria-required=\"true\" aria-invalid=\"false\" value=\"\" type=\"text\" name=\"your-name\" \/><\/span> <\/label><br \/>\n<label> Soci\u00e9t\u00e9*<br \/>\n<span class=\"wpcf7-form-control-wrap\" data-name=\"your-firma\"><input size=\"40\" maxlength=\"400\" class=\"wpcf7-form-control wpcf7-text wpcf7-validates-as-required\" aria-required=\"true\" aria-invalid=\"false\" value=\"\" type=\"text\" name=\"your-firma\" \/><\/span> <\/label><br \/>\n<label> T\u00e9l\u00e9phone*<br \/>\n<span class=\"wpcf7-form-control-wrap\" data-name=\"your-telefon\"><input size=\"40\" maxlength=\"400\" class=\"wpcf7-form-control wpcf7-text wpcf7-validates-as-required\" aria-required=\"true\" aria-invalid=\"false\" value=\"\" type=\"text\" name=\"your-telefon\" \/><\/span> <\/label>\n<\/p>\n<p><label> E-Mail*<br \/>\n<span class=\"wpcf7-form-control-wrap\" data-name=\"your-email\"><input size=\"40\" maxlength=\"400\" class=\"wpcf7-form-control wpcf7-email wpcf7-validates-as-required wpcf7-text wpcf7-validates-as-email\" aria-required=\"true\" aria-invalid=\"false\" value=\"\" type=\"email\" name=\"your-email\" \/><\/span> <\/label>\n<\/p>\n<p><label> Mat\u00e9riau*<br \/>\n<span class=\"wpcf7-form-control-wrap\" data-name=\"your-material\"><input size=\"40\" maxlength=\"400\" class=\"wpcf7-form-control wpcf7-text wpcf7-validates-as-required\" aria-required=\"true\" aria-invalid=\"false\" value=\"\" type=\"text\" name=\"your-material\" \/><\/span> <\/label>\n<\/p>\n<p><label> Quantit\u00e9*<br \/>\n<span class=\"wpcf7-form-control-wrap\" data-name=\"your-menge\"><input size=\"40\" maxlength=\"400\" class=\"wpcf7-form-control wpcf7-text wpcf7-validates-as-required\" aria-required=\"true\" aria-invalid=\"false\" value=\"\" type=\"text\" name=\"your-menge\" \/><\/span> <\/label>\n<\/p>\n<p><label> Etat*<br \/>\n<span class=\"wpcf7-form-control-wrap\" data-name=\"your-menge\"><input size=\"40\" maxlength=\"400\" class=\"wpcf7-form-control wpcf7-text wpcf7-validates-as-required\" aria-required=\"true\" aria-invalid=\"false\" value=\"\" type=\"text\" name=\"your-menge\" \/><\/span> <\/label>\n<\/p>\n<p><input class=\"wpcf7-form-control wpcf7-submit has-spinner\" type=\"submit\" value=\"ENVOYER\" \/>\n<\/p><div class=\"wpcf7-response-output\" aria-hidden=\"true\"><\/div>\n<\/form>\n<\/div>\n\n<\/div>\n<p><!--more--><br \/>\n<!-- {\"name\":\"Armierungseisen DE\",\"type\":\"layout\",\"children\":[{\"type\":\"section\",\"props\":{\"image_position\":\"center-center\",\"style\":\"muted\",\"title_breakpoint\":\"xl\",\"title_position\":\"top-left\",\"title_rotation\":\"left\",\"vertical_align\":\"middle\",\"width\":\"xlarge\"},\"children\":[{\"type\":\"row\",\"children\":[{\"type\":\"column\",\"props\":{\"image_position\":\"center-center\",\"media_overlay_gradient\":\"\",\"position_sticky_breakpoint\":\"m\"},\"children\":[{\"type\":\"headline\",\"props\":{\"content\":\"FERS D\\u2019ARMATURE\",\"text_align\":\"center\",\"title_element\":\"h1\",\"title_style\":\"heading-small\"}}]}]},{\"type\":\"row\",\"props\":{\"layout\":\"1-3,2-3\"},\"children\":[{\"type\":\"column\",\"props\":{\"image_position\":\"center-center\",\"media_overlay_gradient\":\"\",\"position_sticky_breakpoint\":\"m\",\"width_medium\":\"1-3\"},\"children\":[{\"type\":\"image\",\"props\":{\"image\":\"wp-content\\\/uploads\\\/2023\\\/03\\\/Wiederkehr-Recycling-Armierungseisen_Baustahl.png\",\"image_alt\":\"Wiederkehr-Recycling-Armierungseisen_Baustahl.png\",\"image_svg_color\":\"emphasis\",\"margin\":\"default\"}}]},{\"type\":\"column\",\"props\":{\"image_position\":\"center-center\",\"media_overlay_gradient\":\"\",\"position_sticky_breakpoint\":\"m\",\"vertical_align\":\"middle\",\"width_medium\":\"2-3\"},\"children\":[{\"type\":\"headline\",\"props\":{\"content\":\"\n\n<p><strong>Que sont les fers d\\u2019armature?<\\\/strong><\\\/p>\",\"title_element\":\"h2\",\"title_style\":\"h5\"}},{\"type\":\"text\",\"props\":{\"column_breakpoint\":\"m\",\"content\":\"\n\n<p>L\\u2019acier d\\u2019armature, \\u00e9galement appel\\u00e9 acier \\u00e0 b\\u00e9ton, est utilis\\u00e9 comme composant dans le b\\u00e9ton arm\\u00e9. L\\u2019une des principales propri\\u00e9t\\u00e9s de l\\u2019acier d\\u2019armature est sa capacit\\u00e9 optimale d\\u2019association avec le b\\u00e9ton. Il existe plusieurs classifications, types et prescriptions DIN en fonction du pays et du domaine d\\u2019utilisation. L\\u2019\\u00e9lasticit\\u00e9, la r\\u00e9sistance \\u00e0 la traction, mais aussi les cat\\u00e9gories de s\\u00e9ismes sont des facteurs d\\u00e9cisifs pour l\\u2019utilisation de ce mat\\u00e9riau.<\\\/p>\",\"margin\":\"default\"}},{\"type\":\"headline\",\"props\":{\"content\":\"\n\n<p><strong>O\\u00f9 trouve-t-on les fers d\\u2019armature?<\\\/strong><\\\/p>\",\"title_element\":\"h2\",\"title_style\":\"h5\"}},{\"type\":\"text\",\"props\":{\"column_breakpoint\":\"m\",\"content\":\"\n\n<p>Le b\\u00e9ton est le mat\\u00e9riau le plus souvent produit dans le monde. Pour la construction de b\\u00e2timents, de structures porteuses ou autres, il doit \\u00eatre stabilis\\u00e9, et ce \\u00e0 l\\u2019aide de fers d\\u2019armature. Les fissures de retrait et les tensions sont r\\u00e9duites, les b\\u00e2timents sont s\\u00e9curis\\u00e9s contre les s\\u00e9ismes, les ponts sont renforc\\u00e9s. Les fers d\\u2019armature sont mont\\u00e9s dans un coffrage, individuellement ou sous forme de grille, avant d\\u2019\\u00eatre coul\\u00e9s dans le b\\u00e9ton.<\\\/p>\",\"margin\":\"default\"}},{\"type\":\"headline\",\"props\":{\"content\":\"\n\n<p><strong>Recyclage de fers d\\u2019armature<\\\/strong><strong>\\u00a0<\\\/strong><\\\/p>\",\"title_element\":\"h2\",\"title_style\":\"h5\"}},{\"type\":\"text\",\"props\":{\"column_breakpoint\":\"m\",\"content\":\"\n\n<p>Comme la quantit\\u00e9 de d\\u00e9chets d\\u2019acier est relativement \\u00e9lev\\u00e9e de nos jours, l\\u2019industrie n\\u2019utilise presque plus que des mat\\u00e9riaux recycl\\u00e9s. Les d\\u00e9chets de construction min\\u00e9raux doivent d\\u2019abord \\u00eatre s\\u00e9par\\u00e9s. Le b\\u00e9ton, compos\\u00e9 de gravier ou de pierres naturelles, est broy\\u00e9 et recycl\\u00e9 \\u00e0 part. Les fers d\\u2019armature sont filtr\\u00e9s \\u00e0 l\\u2019aide d\\u2019un aimant, d\\u00e9chiquet\\u00e9s \\u00e0 l\\u2019aide d\\u2019une cisaille \\u00e0 ferraille, nettoy\\u00e9s puis transform\\u00e9s en mati\\u00e8re brute \\u00e0 traiter. L\\u2019acier est totalement recyclable et peut parfaitement \\u00eatre r\\u00e9introduit dans le processus industriel.<\\\/p>\",\"margin\":\"default\"}}]}]},{\"type\":\"row\",\"children\":[{\"type\":\"column\",\"props\":{\"image_position\":\"center-center\",\"media_overlay_gradient\":\"\",\"position_sticky_breakpoint\":\"m\",\"style\":\"default\"},\"children\":[{\"type\":\"headline\",\"props\":{\"content\":\"\n\n<p class=\\\"WierecHeadline\\\"><span lang=\\\"FR-CH\\\">\\u00c9LABORER UNE OFFRE POUR LA VENTE DE MAT\\u00c9RIEL<\\\/span><\\\/p>\",\"text_align\":\"center\",\"title_element\":\"h2\",\"title_style\":\"heading-small\"}},{\"type\":\"text\",\"props\":{\"column_breakpoint\":\"m\",\"content\":\"\n\n<p>[contact-form-7 id=\\\"2356\\\" title=\\\"Material\\\"]<\\\/p>\",\"margin\":\"default\"}}]}]}],\"modified\":\"2020-10-31T15:01:28.483Z\",\"name\":\"Eventservice\"}],\"version\":\"3.0.25\"} --><\/p>\n","protected":false},"excerpt":{"rendered":"<p>FERS D\u2019ARMATURE Que sont les fers d\u2019armature? L\u2019acier d\u2019armature, \u00e9galement appel\u00e9 acier \u00e0 b\u00e9ton, est utilis\u00e9 comme composant dans le b\u00e9ton arm\u00e9. L\u2019une des principales propri\u00e9t\u00e9s de l\u2019acier d\u2019armature est sa capacit\u00e9 optimale d\u2019association avec le b\u00e9ton. Il existe plusieurs classifications, types et prescriptions DIN en fonction du pays et du domaine d\u2019utilisation. L\u2019\u00e9lasticit\u00e9, la [&hellip;]<\/p>\n","protected":false},"author":1,"featured_media":0,"parent":0,"menu_order":0,"comment_status":"closed","ping_status":"closed","template":"","meta":{"inline_featured_image":false,"footnotes":""},"class_list":["post-5780","page","type-page","status-publish","hentry"],"yoast_head":"<!-- This site is optimized with the Yoast SEO Premium plugin v24.3 (Yoast SEO v27.4) - https:\/\/yoast.com\/product\/yoast-seo-premium-wordpress\/ -->\n<title>Fers d\u2019armature | Groupe Wiederkehr<\/title>\n<meta name=\"description\" content=\"Nous achetons des fers d\u2019armature, de l\u2019acier \u00e0 b\u00e9ton ou de l\u2019acier d\u2019armature, avec et sans restes de b\u00e9ton. N\u2019h\u00e9sitez pas \u00e0 nous contacter pour des conseils et une offre.\" \/>\n<meta name=\"robots\" content=\"index, follow, max-snippet:-1, max-image-preview:large, max-video-preview:-1\" \/>\n<link rel=\"canonical\" href=\"https:\/\/www.wierec.com\/fr\/fers-darmature\/\" \/>\n<meta property=\"og:locale\" content=\"fr_FR\" \/>\n<meta property=\"og:type\" content=\"article\" \/>\n<meta property=\"og:title\" content=\"Fers d\u2019armature\" \/>\n<meta property=\"og:description\" content=\"Nous achetons des fers d\u2019armature, de l\u2019acier \u00e0 b\u00e9ton ou de l\u2019acier d\u2019armature, avec et sans restes de b\u00e9ton. N\u2019h\u00e9sitez pas \u00e0 nous contacter pour des conseils et une offre.\" \/>\n<meta property=\"og:url\" content=\"https:\/\/www.wierec.com\/fr\/fers-darmature\/\" \/>\n<meta property=\"og:site_name\" content=\"Wiederkehr Recycling\" \/>\n<meta property=\"article:modified_time\" content=\"2023-03-09T12:20:21+00:00\" \/>\n<meta name=\"twitter:card\" content=\"summary_large_image\" \/>\n<meta name=\"twitter:label1\" content=\"Dur\u00e9e de lecture estim\u00e9e\" \/>\n\t<meta name=\"twitter:data1\" content=\"2 minutes\" \/>\n<script type=\"application\/ld+json\" class=\"yoast-schema-graph\">{\"@context\":\"https:\\\/\\\/schema.org\",\"@graph\":[{\"@type\":\"WebPage\",\"@id\":\"https:\\\/\\\/www.wierec.com\\\/fr\\\/fers-darmature\\\/\",\"url\":\"https:\\\/\\\/www.wierec.com\\\/fr\\\/fers-darmature\\\/\",\"name\":\"Fers d\u2019armature | Groupe Wiederkehr\",\"isPartOf\":{\"@id\":\"https:\\\/\\\/www.wierec.com\\\/fr\\\/#website\"},\"datePublished\":\"2020-11-18T18:47:01+00:00\",\"dateModified\":\"2023-03-09T12:20:21+00:00\",\"description\":\"Nous achetons des fers d\u2019armature, de l\u2019acier \u00e0 b\u00e9ton ou de l\u2019acier d\u2019armature, avec et sans restes de b\u00e9ton. N\u2019h\u00e9sitez pas \u00e0 nous contacter pour des conseils et une offre.\",\"breadcrumb\":{\"@id\":\"https:\\\/\\\/www.wierec.com\\\/fr\\\/fers-darmature\\\/#breadcrumb\"},\"inLanguage\":\"fr-FR\",\"potentialAction\":[{\"@type\":\"ReadAction\",\"target\":[\"https:\\\/\\\/www.wierec.com\\\/fr\\\/fers-darmature\\\/\"]}]},{\"@type\":\"BreadcrumbList\",\"@id\":\"https:\\\/\\\/www.wierec.com\\\/fr\\\/fers-darmature\\\/#breadcrumb\",\"itemListElement\":[{\"@type\":\"ListItem\",\"position\":1,\"name\":\"Home\",\"item\":\"https:\\\/\\\/www.wierec.com\\\/fr\\\/\"},{\"@type\":\"ListItem\",\"position\":2,\"name\":\"Fers d\u2019armature\"}]},{\"@type\":\"WebSite\",\"@id\":\"https:\\\/\\\/www.wierec.com\\\/fr\\\/#website\",\"url\":\"https:\\\/\\\/www.wierec.com\\\/fr\\\/\",\"name\":\"Wiederkehr Recycling\",\"description\":\"Die Wiederkehr der Rohstoffe\",\"publisher\":{\"@id\":\"https:\\\/\\\/www.wierec.com\\\/fr\\\/#organization\"},\"potentialAction\":[{\"@type\":\"SearchAction\",\"target\":{\"@type\":\"EntryPoint\",\"urlTemplate\":\"https:\\\/\\\/www.wierec.com\\\/fr\\\/?s={search_term_string}\"},\"query-input\":{\"@type\":\"PropertyValueSpecification\",\"valueRequired\":true,\"valueName\":\"search_term_string\"}}],\"inLanguage\":\"fr-FR\"},{\"@type\":\"Organization\",\"@id\":\"https:\\\/\\\/www.wierec.com\\\/fr\\\/#organization\",\"name\":\"Wiederkehr Recycling AG\",\"url\":\"https:\\\/\\\/www.wierec.com\\\/fr\\\/\",\"logo\":{\"@type\":\"ImageObject\",\"inLanguage\":\"fr-FR\",\"@id\":\"https:\\\/\\\/www.wierec.com\\\/fr\\\/#\\\/schema\\\/logo\\\/image\\\/\",\"url\":\"https:\\\/\\\/www.wierec.com\\\/wp-content\\\/uploads\\\/2020\\\/11\\\/logo-wiederkehr-gruppe-4f-quer-001.png\",\"contentUrl\":\"https:\\\/\\\/www.wierec.com\\\/wp-content\\\/uploads\\\/2020\\\/11\\\/logo-wiederkehr-gruppe-4f-quer-001.png\",\"width\":1500,\"height\":367,\"caption\":\"Wiederkehr Recycling AG\"},\"image\":{\"@id\":\"https:\\\/\\\/www.wierec.com\\\/fr\\\/#\\\/schema\\\/logo\\\/image\\\/\"}}]}<\/script>\n<!-- \/ Yoast SEO Premium plugin. -->","yoast_head_json":{"title":"Fers d\u2019armature | Groupe Wiederkehr","description":"Nous achetons des fers d\u2019armature, de l\u2019acier \u00e0 b\u00e9ton ou de l\u2019acier d\u2019armature, avec et sans restes de b\u00e9ton. N\u2019h\u00e9sitez pas \u00e0 nous contacter pour des conseils et une offre.","robots":{"index":"index","follow":"follow","max-snippet":"max-snippet:-1","max-image-preview":"max-image-preview:large","max-video-preview":"max-video-preview:-1"},"canonical":"https:\/\/www.wierec.com\/fr\/fers-darmature\/","og_locale":"fr_FR","og_type":"article","og_title":"Fers d\u2019armature","og_description":"Nous achetons des fers d\u2019armature, de l\u2019acier \u00e0 b\u00e9ton ou de l\u2019acier d\u2019armature, avec et sans restes de b\u00e9ton. N\u2019h\u00e9sitez pas \u00e0 nous contacter pour des conseils et une offre.","og_url":"https:\/\/www.wierec.com\/fr\/fers-darmature\/","og_site_name":"Wiederkehr Recycling","article_modified_time":"2023-03-09T12:20:21+00:00","twitter_card":"summary_large_image","twitter_misc":{"Dur\u00e9e de lecture estim\u00e9e":"2 minutes"},"schema":{"@context":"https:\/\/schema.org","@graph":[{"@type":"WebPage","@id":"https:\/\/www.wierec.com\/fr\/fers-darmature\/","url":"https:\/\/www.wierec.com\/fr\/fers-darmature\/","name":"Fers d\u2019armature | Groupe Wiederkehr","isPartOf":{"@id":"https:\/\/www.wierec.com\/fr\/#website"},"datePublished":"2020-11-18T18:47:01+00:00","dateModified":"2023-03-09T12:20:21+00:00","description":"Nous achetons des fers d\u2019armature, de l\u2019acier \u00e0 b\u00e9ton ou de l\u2019acier d\u2019armature, avec et sans restes de b\u00e9ton. N\u2019h\u00e9sitez pas \u00e0 nous contacter pour des conseils et une offre.","breadcrumb":{"@id":"https:\/\/www.wierec.com\/fr\/fers-darmature\/#breadcrumb"},"inLanguage":"fr-FR","potentialAction":[{"@type":"ReadAction","target":["https:\/\/www.wierec.com\/fr\/fers-darmature\/"]}]},{"@type":"BreadcrumbList","@id":"https:\/\/www.wierec.com\/fr\/fers-darmature\/#breadcrumb","itemListElement":[{"@type":"ListItem","position":1,"name":"Home","item":"https:\/\/www.wierec.com\/fr\/"},{"@type":"ListItem","position":2,"name":"Fers d\u2019armature"}]},{"@type":"WebSite","@id":"https:\/\/www.wierec.com\/fr\/#website","url":"https:\/\/www.wierec.com\/fr\/","name":"Wiederkehr Recycling","description":"Die Wiederkehr der Rohstoffe","publisher":{"@id":"https:\/\/www.wierec.com\/fr\/#organization"},"potentialAction":[{"@type":"SearchAction","target":{"@type":"EntryPoint","urlTemplate":"https:\/\/www.wierec.com\/fr\/?s={search_term_string}"},"query-input":{"@type":"PropertyValueSpecification","valueRequired":true,"valueName":"search_term_string"}}],"inLanguage":"fr-FR"},{"@type":"Organization","@id":"https:\/\/www.wierec.com\/fr\/#organization","name":"Wiederkehr Recycling AG","url":"https:\/\/www.wierec.com\/fr\/","logo":{"@type":"ImageObject","inLanguage":"fr-FR","@id":"https:\/\/www.wierec.com\/fr\/#\/schema\/logo\/image\/","url":"https:\/\/www.wierec.com\/wp-content\/uploads\/2020\/11\/logo-wiederkehr-gruppe-4f-quer-001.png","contentUrl":"https:\/\/www.wierec.com\/wp-content\/uploads\/2020\/11\/logo-wiederkehr-gruppe-4f-quer-001.png","width":1500,"height":367,"caption":"Wiederkehr Recycling AG"},"image":{"@id":"https:\/\/www.wierec.com\/fr\/#\/schema\/logo\/image\/"}}]}},"_links":{"self":[{"href":"https:\/\/www.wierec.com\/fr\/wp-json\/wp\/v2\/pages\/5780","targetHints":{"allow":["GET"]}}],"collection":[{"href":"https:\/\/www.wierec.com\/fr\/wp-json\/wp\/v2\/pages"}],"about":[{"href":"https:\/\/www.wierec.com\/fr\/wp-json\/wp\/v2\/types\/page"}],"author":[{"embeddable":true,"href":"https:\/\/www.wierec.com\/fr\/wp-json\/wp\/v2\/users\/1"}],"replies":[{"embeddable":true,"href":"https:\/\/www.wierec.com\/fr\/wp-json\/wp\/v2\/comments?post=5780"}],"version-history":[{"count":6,"href":"https:\/\/www.wierec.com\/fr\/wp-json\/wp\/v2\/pages\/5780\/revisions"}],"predecessor-version":[{"id":13262,"href":"https:\/\/www.wierec.com\/fr\/wp-json\/wp\/v2\/pages\/5780\/revisions\/13262"}],"wp:attachment":[{"href":"https:\/\/www.wierec.com\/fr\/wp-json\/wp\/v2\/media?parent=5780"}],"curies":[{"name":"wp","href":"https:\/\/api.w.org\/{rel}","templated":true}]}}